{"id":10,"date":"2026-07-30T09:30:20","date_gmt":"2026-07-30T09:30:20","guid":{"rendered":"http:\/\/fmrskli.cluster129.hosting.ovh.net\/?page_id=10"},"modified":"2026-08-28T14:55:40","modified_gmt":"2026-08-28T14:55:40","slug":"le-local-des-autrices","status":"publish","type":"page","link":"https:\/\/lelocaldesautrices.fr\/index.php\/le-local-des-autrices\/","title":{"rendered":"Le Local des Autrices"},"content":{"rendered":"\t\t<div data-elementor-type=\"wp-page\" data-elementor-id=\"10\" class=\"elementor elementor-10\">\n\t\t\t\t<div class=\"elementor-element elementor-element-f810cd0 e-flex e-con-boxed e-con e-parent\" data-id=\"f810cd0\" data-element_type=\"container\" data-e-type=\"container\">\n\t\t\t\t\t<div class=\"e-con-inner\">\n\t\t\t\t<div class=\"elementor-element elementor-element-893a2ba elementor-widget elementor-widget-heading\" data-id=\"893a2ba\" data-element_type=\"widget\" data-e-type=\"widget\" data-widget_type=\"heading.default\">\n\t\t\t\t\t<h2 class=\"elementor-heading-title elementor-size-default\">Acc\u00e8s au th\u00e9\u00e2tre<\/h2>\t\t\t\t<\/div>\n\t\t<div class=\"elementor-element elementor-element-edd02a3 e-con-full e-flex e-con e-child\" data-id=\"edd02a3\" data-element_type=\"container\" data-e-type=\"container\">\n\t\t\t\t<div class=\"elementor-element elementor-element-36d2428 elementor-hidden-mobile elementor-widget elementor-widget-text-editor\" data-id=\"36d2428\" data-element_type=\"widget\" data-e-type=\"widget\" data-widget_type=\"text-editor.default\">\n\t\t\t\t\t\t\t\t\t<p>Lieu accessible aux personnes \u00e0 mobilit\u00e9 r\u00e9duite<\/p>\t\t\t\t\t\t\t\t<\/div>\n\t\t\t\t<div class=\"elementor-element elementor-element-0d15e72 elementor-hidden-desktop elementor-hidden-tablet elementor-widget elementor-widget-text-editor\" data-id=\"0d15e72\" data-element_type=\"widget\" data-e-type=\"widget\" data-widget_type=\"text-editor.default\">\n\t\t\t\t\t\t\t\t\t<p>Lieu accessible<br \/>aux personnes \u00e0 mobilit\u00e9 r\u00e9duite<\/p>\t\t\t\t\t\t\t\t<\/div>\n\t\t\t\t<\/div>\n\t\t\t\t\t<\/div>\n\t\t\t\t<\/div>\n\t\t<div class=\"elementor-element elementor-element-6705a36 e-flex e-con-boxed e-con e-parent\" data-id=\"6705a36\" data-element_type=\"container\" data-e-type=\"container\">\n\t\t\t\t\t<div class=\"e-con-inner\">\n\t\t<div class=\"elementor-element elementor-element-97d73be e-con-full e-flex e-con e-child\" data-id=\"97d73be\" data-element_type=\"container\" data-e-type=\"container\">\n\t\t\t\t<div class=\"elementor-element elementor-element-9b9d548 elementor-widget elementor-widget-google_maps\" data-id=\"9b9d548\" data-element_type=\"widget\" data-e-type=\"widget\" data-widget_type=\"google_maps.default\">\n\t\t\t\t\t\t\t<div class=\"elementor-custom-embed\">\n\t\t\t<iframe loading=\"lazy\"\n\t\t\t\t\tsrc=\"https:\/\/maps.google.com\/maps?q=Le%20Local%20des%20Autrices&#038;t=m&#038;z=15&#038;output=embed&#038;iwloc=near\"\n\t\t\t\t\ttitle=\"Le Local des Autrices\"\n\t\t\t\t\taria-label=\"Le Local des Autrices\"\n\t\t\t><\/iframe>\n\t\t<\/div>\n\t\t\t\t\t\t<\/div>\n\t\t\t\t<\/div>\n\t\t<div class=\"elementor-element elementor-element-15945d1 e-con-full e-flex e-con e-child\" data-id=\"15945d1\" data-element_type=\"container\" data-e-type=\"container\">\n\t\t\t\t<div class=\"elementor-element elementor-element-07ffc5b elementor-widget elementor-widget-text-editor\" data-id=\"07ffc5b\" data-element_type=\"widget\" data-e-type=\"widget\" data-widget_type=\"text-editor.default\">\n\t\t\t\t\t\t\t\t\t<p>18 rue de l\u2019Orillon &#8211; 75011 Paris<\/p>\t\t\t\t\t\t\t\t<\/div>\n\t\t\t\t<div class=\"elementor-element elementor-element-ad83aa0 elementor-widget elementor-widget-text-editor\" data-id=\"ad83aa0\" data-element_type=\"widget\" data-e-type=\"widget\" data-widget_type=\"text-editor.default\">\n\t\t\t\t\t\t\t\t\t<p><strong>M\u00e9tro<\/strong> <br \/>Goncourt L.11 \/ Belleville L.11 et L.2<\/p><p><strong>Bus<\/strong><br \/>Goncourt Bus 46 et Bus 75<\/p><p><strong>V\u00e9lib<\/strong><br \/>2 rue du Buisson Saint-Louis<br \/>140 avenue Parmentier<br \/>116 bd de Belleville<br \/>81 bis rue Jean-Pierre Timbaud<\/p>\t\t\t\t\t\t\t\t<\/div>\n\t\t\t\t<\/div>\n\t\t\t\t\t<\/div>\n\t\t\t\t<\/div>\n\t\t<div class=\"elementor-element elementor-element-de74f31 e-flex e-con-boxed e-con e-parent\" data-id=\"de74f31\" data-element_type=\"container\" data-e-type=\"container\" data-settings=\"{&quot;background_background&quot;:&quot;classic&quot;}\">\n\t\t\t\t\t<div class=\"e-con-inner\">\n\t\t\t\t<div class=\"elementor-element elementor-element-6502037 elementor-widget elementor-widget-heading\" data-id=\"6502037\" data-element_type=\"widget\" data-e-type=\"widget\" data-widget_type=\"heading.default\">\n\t\t\t\t\t<h2 class=\"elementor-heading-title elementor-size-default\">Contact<\/h2>\t\t\t\t<\/div>\n\t\t\t\t\t<\/div>\n\t\t\t\t<\/div>\n\t\t<div class=\"elementor-element elementor-element-1248a12 e-flex e-con-boxed e-con e-parent\" data-id=\"1248a12\" data-element_type=\"container\" data-e-type=\"container\" data-settings=\"{&quot;background_background&quot;:&quot;classic&quot;}\">\n\t\t\t\t\t<div class=\"e-con-inner\">\n\t\t<div class=\"elementor-element elementor-element-cb8765a e-con-full e-flex e-con e-child\" data-id=\"cb8765a\" data-element_type=\"container\" data-e-type=\"container\" data-settings=\"{&quot;background_background&quot;:&quot;classic&quot;}\">\n\t\t\t\t<div class=\"elementor-element elementor-element-a4422b6 elementor-widget elementor-widget-text-editor\" data-id=\"a4422b6\" data-element_type=\"widget\" data-e-type=\"widget\" data-widget_type=\"text-editor.default\">\n\t\t\t\t\t\t\t\t\t<p class=\"p2\">Pour toutes questions<br \/>relatives \u00e0 la billetterie :<\/p>\t\t\t\t\t\t\t\t<\/div>\n\t\t\t\t<div class=\"elementor-element elementor-element-cd2baf7 elementor-widget elementor-widget-text-editor\" data-id=\"cd2baf7\" data-element_type=\"widget\" data-e-type=\"widget\" data-widget_type=\"text-editor.default\">\n\t\t\t\t\t\t\t\t\t<p class=\"p2\"><span class=\"s1\"><span style=\"text-decoration: underline;\">billetterielocaldsautrices@gmail.com<\/span> <\/span><\/p>\t\t\t\t\t\t\t\t<\/div>\n\t\t\t\t<\/div>\n\t\t<div class=\"elementor-element elementor-element-d71077a e-con-full e-flex e-con e-child\" data-id=\"d71077a\" data-element_type=\"container\" data-e-type=\"container\" data-settings=\"{&quot;background_background&quot;:&quot;classic&quot;}\">\n\t\t\t\t<div class=\"elementor-element elementor-element-48d9924 elementor-widget elementor-widget-text-editor\" data-id=\"48d9924\" data-element_type=\"widget\" data-e-type=\"widget\" data-widget_type=\"text-editor.default\">\n\t\t\t\t\t\t\t\t\t<p class=\"p2\">Pour toutes questions<br \/>relatives aux visuels :<\/p>\t\t\t\t\t\t\t\t<\/div>\n\t\t\t\t<div class=\"elementor-element elementor-element-4e751b5 elementor-widget elementor-widget-text-editor\" data-id=\"4e751b5\" data-element_type=\"widget\" data-e-type=\"widget\" data-widget_type=\"text-editor.default\">\n\t\t\t\t\t\t\t\t\t<p class=\"p2\"><span style=\"text-decoration: underline;\"><span class=\"s1\">comm.lelocaldsautrices@gmail.com<\/span><\/span><\/p>\t\t\t\t\t\t\t\t<\/div>\n\t\t\t\t<\/div>\n\t\t<div class=\"elementor-element elementor-element-a9bde90 e-con-full e-flex e-con e-child\" data-id=\"a9bde90\" data-element_type=\"container\" data-e-type=\"container\" data-settings=\"{&quot;background_background&quot;:&quot;classic&quot;}\">\n\t\t\t\t<div class=\"elementor-element elementor-element-0efe16f elementor-widget elementor-widget-text-editor\" data-id=\"0efe16f\" data-element_type=\"widget\" data-e-type=\"widget\" data-widget_type=\"text-editor.default\">\n\t\t\t\t\t\t\t\t\t<p class=\"p2\">Pour toutes questions<br \/>relatives \u00e0 la r\u00e9gie :<\/p>\t\t\t\t\t\t\t\t<\/div>\n\t\t\t\t<div class=\"elementor-element elementor-element-e3738a3 elementor-widget elementor-widget-text-editor\" data-id=\"e3738a3\" data-element_type=\"widget\" data-e-type=\"widget\" data-widget_type=\"text-editor.default\">\n\t\t\t\t\t\t\t\t\t<p class=\"p2\"><span style=\"text-decoration: underline;\"><span class=\"s1\">regie.lelocadesautrices.gmail.com<\/span><\/span><\/p>\t\t\t\t\t\t\t\t<\/div>\n\t\t\t\t<\/div>\n\t\t<div class=\"elementor-element elementor-element-1c3c56b e-con-full e-flex e-con e-child\" data-id=\"1c3c56b\" data-element_type=\"container\" data-e-type=\"container\" data-settings=\"{&quot;background_background&quot;:&quot;classic&quot;}\">\n\t\t\t\t<div class=\"elementor-element elementor-element-35cc005 elementor-widget elementor-widget-text-editor\" data-id=\"35cc005\" data-element_type=\"widget\" data-e-type=\"widget\" data-widget_type=\"text-editor.default\">\n\t\t\t\t\t\t\t\t\t<p class=\"p2\">Pour toutes<br \/>questions g\u00e9n\u00e9rales :<\/p>\t\t\t\t\t\t\t\t<\/div>\n\t\t\t\t<div class=\"elementor-element elementor-element-b80257c elementor-widget elementor-widget-text-editor\" data-id=\"b80257c\" data-element_type=\"widget\" data-e-type=\"widget\" data-widget_type=\"text-editor.default\">\n\t\t\t\t\t\t\t\t\t<p class=\"p2\"><span style=\"text-decoration: underline;\"><span class=\"s1\">lelocaldesautrices@gmail.com<\/span><\/span><\/p>\t\t\t\t\t\t\t\t<\/div>\n\t\t\t\t<\/div>\n\t\t\t\t\t<\/div>\n\t\t\t\t<\/div>\n\t\t<div class=\"elementor-element elementor-element-df6a84c e-flex e-con-boxed e-con e-parent\" data-id=\"df6a84c\" data-element_type=\"container\" data-e-type=\"container\">\n\t\t\t\t\t<div class=\"e-con-inner\">\n\t\t\t\t<div class=\"elementor-element elementor-element-e1de3b3 elementor-widget elementor-widget-heading\" data-id=\"e1de3b3\" data-element_type=\"widget\" data-e-type=\"widget\" data-widget_type=\"heading.default\">\n\t\t\t\t\t<h2 class=\"elementor-heading-title elementor-size-default\">L'\u00c9quipe<\/h2>\t\t\t\t<\/div>\n\t\t\t\t\t<\/div>\n\t\t\t\t<\/div>\n\t\t<div class=\"elementor-element elementor-element-2ecc27b e-flex e-con-boxed e-con e-parent\" data-id=\"2ecc27b\" data-element_type=\"container\" data-e-type=\"container\" data-settings=\"{&quot;background_background&quot;:&quot;classic&quot;}\">\n\t\t\t\t\t<div class=\"e-con-inner\">\n\t\t<div class=\"elementor-element elementor-element-b7c33f0 e-con-full e-flex e-con e-child\" data-id=\"b7c33f0\" data-element_type=\"container\" data-e-type=\"container\" data-settings=\"{&quot;background_background&quot;:&quot;classic&quot;}\">\n\t\t\t\t<div class=\"elementor-element elementor-element-4eeb5e4 elementor-widget elementor-widget-image\" data-id=\"4eeb5e4\" data-element_type=\"widget\" data-e-type=\"widget\" data-widget_type=\"image.default\">\n\t\t\t\t\t\t\t\t\t\t\t\t\t\t\t<img fetchpriority=\"high\" decoding=\"async\" width=\"425\" height=\"425\" src=\"https:\/\/lelocaldesautrices.fr\/wp-content\/uploads\/2026\/07\/Portrait-Sarah.jpg\" class=\"attachment-full size-full wp-image-687\" alt=\"\" srcset=\"https:\/\/lelocaldesautrices.fr\/wp-content\/uploads\/2026\/07\/Portrait-Sarah.jpg 425w, https:\/\/lelocaldesautrices.fr\/wp-content\/uploads\/2026\/07\/Portrait-Sarah-300x300.jpg 300w, https:\/\/lelocaldesautrices.fr\/wp-content\/uploads\/2026\/07\/Portrait-Sarah-150x150.jpg 150w\" sizes=\"(max-width: 425px) 100vw, 425px\" \/>\t\t\t\t\t\t\t\t\t\t\t\t\t\t\t<\/div>\n\t\t\t\t<div class=\"elementor-element elementor-element-e7b211a elementor-widget elementor-widget-text-editor\" data-id=\"e7b211a\" data-element_type=\"widget\" data-e-type=\"widget\" data-widget_type=\"text-editor.default\">\n\t\t\t\t\t\t\t\t\t<div class=\"page\" title=\"Page 12\"><div class=\"section\"><div class=\"layoutArea\"><div class=\"column\"><p>Sarah Pe\u0300pe<\/p><\/div><\/div><\/div><\/div>\t\t\t\t\t\t\t\t<\/div>\n\t\t\t\t<div class=\"elementor-element elementor-element-1e74ef1 elementor-widget elementor-widget-text-editor\" data-id=\"1e74ef1\" data-element_type=\"widget\" data-e-type=\"widget\" data-widget_type=\"text-editor.default\">\n\t\t\t\t\t\t\t\t\t<div class=\"page\" title=\"Page 12\"><div class=\"section\"><div class=\"layoutArea\"><div class=\"column\"><div class=\"page\" title=\"Page 12\"><div class=\"section\"><div class=\"layoutArea\"><div class=\"column\"><p>Directrice<\/p><\/div><\/div><\/div><\/div><\/div><\/div><\/div><\/div>\t\t\t\t\t\t\t\t<\/div>\n\t\t\t\t<\/div>\n\t\t<div class=\"elementor-element elementor-element-eaac1f7 e-con-full e-flex e-con e-child\" data-id=\"eaac1f7\" data-element_type=\"container\" data-e-type=\"container\" data-settings=\"{&quot;background_background&quot;:&quot;classic&quot;}\">\n\t\t\t\t<div class=\"elementor-element elementor-element-02809f5 elementor-widget elementor-widget-image\" data-id=\"02809f5\" data-element_type=\"widget\" data-e-type=\"widget\" data-widget_type=\"image.default\">\n\t\t\t\t\t\t\t\t\t\t\t\t\t\t\t<img decoding=\"async\" width=\"425\" height=\"425\" src=\"https:\/\/lelocaldesautrices.fr\/wp-content\/uploads\/2026\/07\/Portrait-Amelie.jpg\" class=\"attachment-full size-full wp-image-684\" alt=\"\" srcset=\"https:\/\/lelocaldesautrices.fr\/wp-content\/uploads\/2026\/07\/Portrait-Amelie.jpg 425w, https:\/\/lelocaldesautrices.fr\/wp-content\/uploads\/2026\/07\/Portrait-Amelie-300x300.jpg 300w, https:\/\/lelocaldesautrices.fr\/wp-content\/uploads\/2026\/07\/Portrait-Amelie-150x150.jpg 150w\" sizes=\"(max-width: 425px) 100vw, 425px\" \/>\t\t\t\t\t\t\t\t\t\t\t\t\t\t\t<\/div>\n\t\t\t\t<div class=\"elementor-element elementor-element-f39492b elementor-widget elementor-widget-text-editor\" data-id=\"f39492b\" data-element_type=\"widget\" data-e-type=\"widget\" data-widget_type=\"text-editor.default\">\n\t\t\t\t\t\t\t\t\t<div class=\"page\" title=\"Page 12\"><div class=\"section\"><div class=\"layoutArea\"><div class=\"column\"><p>Ame\u0301lie Casanova<\/p><\/div><\/div><\/div><\/div>\t\t\t\t\t\t\t\t<\/div>\n\t\t\t\t<div class=\"elementor-element elementor-element-0888e8f elementor-widget elementor-widget-text-editor\" data-id=\"0888e8f\" data-element_type=\"widget\" data-e-type=\"widget\" data-widget_type=\"text-editor.default\">\n\t\t\t\t\t\t\t\t\t<div class=\"page\" title=\"Page 12\"><div class=\"section\"><div class=\"layoutArea\"><div class=\"column\"><div class=\"page\" title=\"Page 12\"><div class=\"section\"><div class=\"layoutArea\"><div class=\"column\"><div class=\"page\" title=\"Page 12\"><div class=\"section\"><div class=\"layoutArea\"><div class=\"column\"><p>Charge\u0301e de communication<br \/>et billetterie<\/p><\/div><\/div><\/div><\/div><\/div><\/div><\/div><\/div><\/div><\/div><\/div><\/div>\t\t\t\t\t\t\t\t<\/div>\n\t\t\t\t<\/div>\n\t\t<div class=\"elementor-element elementor-element-ec60906 e-con-full e-flex e-con e-child\" data-id=\"ec60906\" data-element_type=\"container\" data-e-type=\"container\" data-settings=\"{&quot;background_background&quot;:&quot;classic&quot;}\">\n\t\t\t\t<div class=\"elementor-element elementor-element-99048fe elementor-widget elementor-widget-image\" data-id=\"99048fe\" data-element_type=\"widget\" data-e-type=\"widget\" data-widget_type=\"image.default\">\n\t\t\t\t\t\t\t\t\t\t\t\t\t\t\t<img decoding=\"async\" width=\"425\" height=\"425\" src=\"https:\/\/lelocaldesautrices.fr\/wp-content\/uploads\/2026\/07\/Portrait-Sonia.jpg\" class=\"attachment-full size-full wp-image-688\" alt=\"\" srcset=\"https:\/\/lelocaldesautrices.fr\/wp-content\/uploads\/2026\/07\/Portrait-Sonia.jpg 425w, https:\/\/lelocaldesautrices.fr\/wp-content\/uploads\/2026\/07\/Portrait-Sonia-300x300.jpg 300w, https:\/\/lelocaldesautrices.fr\/wp-content\/uploads\/2026\/07\/Portrait-Sonia-150x150.jpg 150w\" sizes=\"(max-width: 425px) 100vw, 425px\" \/>\t\t\t\t\t\t\t\t\t\t\t\t\t\t\t<\/div>\n\t\t\t\t<div class=\"elementor-element elementor-element-fa9de33 elementor-widget elementor-widget-text-editor\" data-id=\"fa9de33\" data-element_type=\"widget\" data-e-type=\"widget\" data-widget_type=\"text-editor.default\">\n\t\t\t\t\t\t\t\t\t<div class=\"page\" title=\"Page 12\"><div class=\"section\"><div class=\"layoutArea\"><div class=\"column\"><p>Sonia Payen<\/p><\/div><\/div><\/div><\/div>\t\t\t\t\t\t\t\t<\/div>\n\t\t\t\t<div class=\"elementor-element elementor-element-54db15d elementor-widget elementor-widget-text-editor\" data-id=\"54db15d\" data-element_type=\"widget\" data-e-type=\"widget\" data-widget_type=\"text-editor.default\">\n\t\t\t\t\t\t\t\t\t<div class=\"page\" title=\"Page 12\"><div class=\"section\"><div class=\"layoutArea\"><div class=\"column\"><div class=\"page\" title=\"Page 12\"><div class=\"section\"><div class=\"layoutArea\"><div class=\"column\"><div class=\"page\" title=\"Page 12\"><div class=\"section\"><div class=\"layoutArea\"><div class=\"column\"><div class=\"page\" title=\"Page 12\"><div class=\"section\"><div class=\"layoutArea\"><div class=\"column\"><p>Charge\u0301e des contrats<\/p><\/div><\/div><\/div><\/div><\/div><\/div><\/div><\/div><\/div><\/div><\/div><\/div><\/div><\/div><\/div><\/div>\t\t\t\t\t\t\t\t<\/div>\n\t\t\t\t<\/div>\n\t\t<div class=\"elementor-element elementor-element-8b2c78b e-con-full e-flex e-con e-child\" data-id=\"8b2c78b\" data-element_type=\"container\" data-e-type=\"container\" data-settings=\"{&quot;background_background&quot;:&quot;classic&quot;}\">\n\t\t\t\t<div class=\"elementor-element elementor-element-5315bcd elementor-widget elementor-widget-image\" data-id=\"5315bcd\" data-element_type=\"widget\" data-e-type=\"widget\" data-widget_type=\"image.default\">\n\t\t\t\t\t\t\t\t\t\t\t\t\t\t\t<img loading=\"lazy\" decoding=\"async\" width=\"425\" height=\"425\" src=\"https:\/\/lelocaldesautrices.fr\/wp-content\/uploads\/2026\/07\/Portrait-Noee.jpg\" class=\"attachment-full size-full wp-image-686\" alt=\"\" srcset=\"https:\/\/lelocaldesautrices.fr\/wp-content\/uploads\/2026\/07\/Portrait-Noee.jpg 425w, https:\/\/lelocaldesautrices.fr\/wp-content\/uploads\/2026\/07\/Portrait-Noee-300x300.jpg 300w, https:\/\/lelocaldesautrices.fr\/wp-content\/uploads\/2026\/07\/Portrait-Noee-150x150.jpg 150w\" sizes=\"(max-width: 425px) 100vw, 425px\" \/>\t\t\t\t\t\t\t\t\t\t\t\t\t\t\t<\/div>\n\t\t\t\t<div class=\"elementor-element elementor-element-492cc82 elementor-widget elementor-widget-text-editor\" data-id=\"492cc82\" data-element_type=\"widget\" data-e-type=\"widget\" data-widget_type=\"text-editor.default\">\n\t\t\t\t\t\t\t\t\t<div class=\"page\" title=\"Page 12\"><div class=\"section\"><div class=\"layoutArea\"><div class=\"column\"><p>Noe\u0301e<\/p><\/div><\/div><\/div><\/div>\t\t\t\t\t\t\t\t<\/div>\n\t\t\t\t<div class=\"elementor-element elementor-element-bf14a93 elementor-widget elementor-widget-text-editor\" data-id=\"bf14a93\" data-element_type=\"widget\" data-e-type=\"widget\" data-widget_type=\"text-editor.default\">\n\t\t\t\t\t\t\t\t\t<div class=\"page\" title=\"Page 12\"><div class=\"page\" title=\"Page 12\"><div class=\"section\"><div class=\"layoutArea\"><div class=\"column\"><div class=\"page\" title=\"Page 12\"><div class=\"section\"><div class=\"layoutArea\"><div class=\"column\"><p>Re\u0301gisseuse ge\u0301ne\u0301rale<\/p><\/div><\/div><\/div><\/div><\/div><\/div><\/div><\/div><\/div>\t\t\t\t\t\t\t\t<\/div>\n\t\t\t\t<\/div>\n\t\t<div class=\"elementor-element elementor-element-eecd5fb e-con-full e-flex e-con e-child\" data-id=\"eecd5fb\" data-element_type=\"container\" data-e-type=\"container\" data-settings=\"{&quot;background_background&quot;:&quot;classic&quot;}\">\n\t\t\t\t<div class=\"elementor-element elementor-element-682aaee elementor-widget elementor-widget-image\" data-id=\"682aaee\" data-element_type=\"widget\" data-e-type=\"widget\" data-widget_type=\"image.default\">\n\t\t\t\t\t\t\t\t\t\t\t\t\t\t\t<img loading=\"lazy\" decoding=\"async\" width=\"425\" height=\"425\" src=\"https:\/\/lelocaldesautrices.fr\/wp-content\/uploads\/2026\/07\/Portrait-Anna.jpg\" class=\"attachment-full size-full wp-image-685\" alt=\"\" srcset=\"https:\/\/lelocaldesautrices.fr\/wp-content\/uploads\/2026\/07\/Portrait-Anna.jpg 425w, https:\/\/lelocaldesautrices.fr\/wp-content\/uploads\/2026\/07\/Portrait-Anna-300x300.jpg 300w, https:\/\/lelocaldesautrices.fr\/wp-content\/uploads\/2026\/07\/Portrait-Anna-150x150.jpg 150w\" sizes=\"(max-width: 425px) 100vw, 425px\" \/>\t\t\t\t\t\t\t\t\t\t\t\t\t\t\t<\/div>\n\t\t\t\t<div class=\"elementor-element elementor-element-4b32ded elementor-widget elementor-widget-text-editor\" data-id=\"4b32ded\" data-element_type=\"widget\" data-e-type=\"widget\" data-widget_type=\"text-editor.default\">\n\t\t\t\t\t\t\t\t\t<p class=\"p2\"><span data-olk-copy-source=\"MessageBody\">Anna Perrocheau<\/span><\/p>\t\t\t\t\t\t\t\t<\/div>\n\t\t\t\t<div class=\"elementor-element elementor-element-94194b4 elementor-widget elementor-widget-text-editor\" data-id=\"94194b4\" data-element_type=\"widget\" data-e-type=\"widget\" data-widget_type=\"text-editor.default\">\n\t\t\t\t\t\t\t\t\t<div class=\"page\" title=\"Page 12\"><div class=\"page\" title=\"Page 12\"><div class=\"section\"><div class=\"layoutArea\"><div class=\"column\"><div class=\"page\" title=\"Page 12\"><div class=\"section\"><div class=\"layoutArea\"><div class=\"column\"><div data-olk-copy-source=\"MessageBody\">M\u00e9diation culturelle\u00a0<\/div><div>Programmation jeunesse<\/div><\/div><\/div><\/div><\/div><\/div><\/div><\/div><\/div><\/div>\t\t\t\t\t\t\t\t<\/div>\n\t\t\t\t<\/div>\n\t\t\t\t\t<\/div>\n\t\t\t\t<\/div>\n\t\t<div class=\"elementor-element elementor-element-2487cd9 e-flex e-con-boxed e-con e-parent\" data-id=\"2487cd9\" data-element_type=\"container\" data-e-type=\"container\">\n\t\t\t\t\t<div class=\"e-con-inner\">\n\t\t\t\t<div class=\"elementor-element elementor-element-e285dbc elementor-widget elementor-widget-heading\" data-id=\"e285dbc\" data-element_type=\"widget\" data-e-type=\"widget\" data-widget_type=\"heading.default\">\n\t\t\t\t\t<h2 class=\"elementor-heading-title elementor-size-default\">Iels en parlent !<\/h2>\t\t\t\t<\/div>\n\t\t<div class=\"elementor-element elementor-element-b9e6fde e-con-full e-flex e-con e-child\" data-id=\"b9e6fde\" data-element_type=\"container\" data-e-type=\"container\">\n\t\t\t\t<div class=\"elementor-element elementor-element-695e40b elementor-widget elementor-widget-text-editor\" data-id=\"695e40b\" data-element_type=\"widget\" data-e-type=\"widget\" data-widget_type=\"text-editor.default\">\n\t\t\t\t\t\t\t\t\t<p class=\"_28USrA _2ENCSQ XN6uKA _4N4NA\"><span class=\"a_GcMg\">\u00ab Le Local sera une adresse incontournable, je le pressens, je le devine. Donner les cl\u00e9s d&rsquo;un lieu \u00e0 une professionnelle qui conna\u00eet son sujet est un vrai luxe dont beaucoup devraient s&rsquo;inspirer. Je pense notamment \u00e0 celles et ceux qui, de la culture, sont en passe de la massacrer \u00e0 coups de restriction de budgets. Sarah P\u00e8pe, fra\u00eechement nomm\u00e9e, saura donner le tempo \u00e0 toutes celles qu&rsquo;elle aura programm\u00e9es. J&rsquo;en mets ma parole d&rsquo;autrice \u00e0 couper. \u00bb<br \/><\/span><strong><span class=\"a_GcMg\">Isabelle Lauriou, pour <a href=\"https:\/\/www.larevueduspectacle.fr\/Le-Local-Le-peps-de-Sarah-pour-ouvrir-le-bal-aux-autrices_a4125.html\" target=\"_blank\" rel=\"noopener\">la Revue du Spectacle<\/a><\/span><\/strong><\/p><p class=\"_28USrA _2ENCSQ XN6uKA\"><span class=\"a_GcMg\">\u00ab En reprenant cet h\u00e9ritage, Sarah P\u00e8pe transforme le lieu tout en pr\u00e9servant son esprit territorial et participatif. Avec ses 45 places modulables et une programmation engag\u00e9e, le Local des Autrices s\u2019annonce alors comme un espace vivant, propice aux \u00e9changes et aux r\u00e9flexions autour des th\u00e9matiques f\u00e9ministes et sociales. \u00bb<br \/><\/span><strong><span class=\"a_GcMg\">P\u00e9rine Papote<\/span><\/strong><\/p><p class=\"_28USrA _2ENCSQ XN6uKA\"><span class=\"a_GcMg\">\u00ab Sarah P\u00e8pe, sa directrice, a d\u00e9cid\u00e9 de r\u00e9sister \u00e0 la fonte des neiges et des subventions culture en permettant aux cr\u00e9atrices d\u2019unir leurs forces et leurs imaginaires dans un espace in\u00e9dit. Geste d\u2019audace et de courage immense quand on sait la bise glaciale qui siffle sur nos t\u00eates inspir\u00e9es ces derniers mois. \u00bb<br \/><\/span><strong><span class=\"a_GcMg\">Marie Rondou, pour Les Missives<\/span><\/strong><\/p><p class=\"_28USrA _2ENCSQ XN6uKA\"><span class=\"a_GcMg\">\u00ab Situ\u00e9 \u00e0 Belleville, dans le 11<sup>\u00e8me<\/sup> arrondissement de Paris et port\u00e9 par Sarah P\u00e8pe, autrice, metteuse en sc\u00e8ne et com\u00e9dienne, <\/span>le Local des autrices<span class=\"a_GcMg\"> ambitionne de mettre en lumi\u00e8re les voix f\u00e9minines, encore trop souvent invisibilis\u00e9es. Avec sa programmation engag\u00e9e, le lieu s\u2019annonce comme un espace vivant, propice aux \u00e9changes et aux r\u00e9flexions autour des th\u00e9matiques f\u00e9ministes et sociales. \u00bb<br \/><\/span><strong><span class=\"a_GcMg\">Chantiers de Culture<\/span><\/strong><\/p>\t\t\t\t\t\t\t\t<\/div>\n\t\t\t\t<\/div>\n\t\t\t\t\t<\/div>\n\t\t\t\t<\/div>\n\t\t<div class=\"elementor-element elementor-element-ca2b6f8 e-flex e-con-boxed e-con e-parent\" data-id=\"ca2b6f8\" data-element_type=\"container\" data-e-type=\"container\">\n\t\t\t\t\t<div class=\"e-con-inner\">\n\t\t\t\t<div class=\"elementor-element elementor-element-d03af43 elementor-widget elementor-widget-heading\" data-id=\"d03af43\" data-element_type=\"widget\" data-e-type=\"widget\" data-widget_type=\"heading.default\">\n\t\t\t\t\t<h2 class=\"elementor-heading-title elementor-size-default\">Elles ont \u00e9t\u00e9 programm\u00e9es<\/h2>\t\t\t\t<\/div>\n\t\t\t\t\t<\/div>\n\t\t\t\t<\/div>\n\t\t<div class=\"elementor-element elementor-element-7394d7f e-flex e-con-boxed e-con e-parent\" data-id=\"7394d7f\" data-element_type=\"container\" data-e-type=\"container\">\n\t\t\t\t\t<div class=\"e-con-inner\">\n\t\t<div class=\"elementor-element elementor-element-07bf213 e-con-full e-flex e-con e-child\" data-id=\"07bf213\" data-element_type=\"container\" data-e-type=\"container\">\n\t\t\t\t<div class=\"elementor-element elementor-element-cf56f89 elementor-widget elementor-widget-heading\" data-id=\"cf56f89\" data-element_type=\"widget\" data-e-type=\"widget\" data-widget_type=\"heading.default\">\n\t\t\t\t\t<h2 class=\"elementor-heading-title elementor-size-default\">Saison 2024\/2025<\/h2>\t\t\t\t<\/div>\n\t\t\t\t<\/div>\n\t\t\t\t\t<\/div>\n\t\t\t\t<\/div>\n\t\t<div class=\"elementor-element elementor-element-0a03759 e-flex e-con-boxed e-con e-parent\" data-id=\"0a03759\" data-element_type=\"container\" data-e-type=\"container\">\n\t\t\t\t\t<div class=\"e-con-inner\">\n\t\t<div class=\"elementor-element elementor-element-1d82bf5 e-con-full e-flex e-con e-child\" data-id=\"1d82bf5\" data-element_type=\"container\" data-e-type=\"container\">\n\t\t\t\t<div class=\"elementor-element elementor-element-c45b844 elementor-widget elementor-widget-text-editor\" data-id=\"c45b844\" data-element_type=\"widget\" data-e-type=\"widget\" data-widget_type=\"text-editor.default\">\n\t\t\t\t\t\t\t\t\t<p class=\"p2\">\u00b7 Agn\u00e8s Marietta (Cie Sud Lointain)<br \/>\u00b7 Am\u00e9lie Mouliac (Collectif Yolerance)<br \/>\u00b7 Annabelle Hanesse (Cie Anna se fait la belle)<br \/>\u00b7 Blandine Bonelli (Cie Bonnie et Jacques)<br \/>\u00b7 C\u00e9cile Robin (F\u00fct F\u00fct Collectif)<br \/>\u00b7 Chantal de Mage (Cie Crash)<br \/>\u00b7 Claire Morel (La Centrifugeuse Cie)<br \/>\u00b7 Dominique Paquet (Groupe 3.5.81)<br \/>\u00b7 \u00c9lise Renaud (Cie Les Zones Humides)<br \/>\u00b7 \u00c9lodie Zara (Cie Passigran)<br \/>\u00b7 \u00c9milie Houillon (Cie L\u2019Estomac de l\u2019\u00c9l\u00e9phant)<\/p>\t\t\t\t\t\t\t\t<\/div>\n\t\t\t\t<\/div>\n\t\t<div class=\"elementor-element elementor-element-f39c09e e-con-full e-flex e-con e-child\" data-id=\"f39c09e\" data-element_type=\"container\" data-e-type=\"container\">\n\t\t\t\t<div class=\"elementor-element elementor-element-0d1fcc5 elementor-widget elementor-widget-text-editor\" data-id=\"0d1fcc5\" data-element_type=\"widget\" data-e-type=\"widget\" data-widget_type=\"text-editor.default\">\n\t\t\t\t\t\t\t\t\t<p class=\"p2\">\u00b7 Emilie Verheul, Coralie Mennella, Nina Vernin, Izae (Cie Lat\u00e9rale Pop)<br \/>\u00b7 Emmanuelle Jacquemard et Fran\u00e7oise Roche (Cie L\u2019Oblique)<br \/>\u00b7 Gwendoline Soublin (Collectif de Passage)<br \/>\u00b7 L\u00e6titia Wolf (Collectif En Finir Avec)<br \/>\u00b7 M\u00e9lanie Nonnotte (Cie Rugir)<br \/>\u00b7 M\u00e9lie N\u00e9el (Collectif Corpuscule)<br \/>\u00b7 Nathalie Rouckout (Cie Louma Strak)<br \/>\u00b7 Sarah P\u00e8pe<br \/>\u00b7 Sylvie Gravagna (Cie Un pas de c\u00f4t\u00e9)<\/p>\t\t\t\t\t\t\t\t<\/div>\n\t\t\t\t<\/div>\n\t\t<div class=\"elementor-element elementor-element-0ac5537 e-con-full e-flex e-con e-child\" data-id=\"0ac5537\" data-element_type=\"container\" data-e-type=\"container\">\n\t\t\t\t<div class=\"elementor-element elementor-element-2368454 elementor-widget elementor-widget-text-editor\" data-id=\"2368454\" data-element_type=\"widget\" data-e-type=\"widget\" data-widget_type=\"text-editor.default\">\n\t\t\t\t\t\t\t\t\t<p class=\"p2\"><span style=\"text-decoration: underline;\"><span class=\"s1\"><i>Les Mercredis-Ap\u00e9ros<br \/><\/i><\/span><\/span>Anne Leterrier \u00b7 Camille Feist \u00b7 Isabelle Lauriou \u00b7 Laetitia Mor\u00e9ni \u00b7 La Sybille de nos jours \u00b7 Malvina Servadei \u00b7 Mathilde Cherbuin \u00b7 Phuokarmai \u00b7 Sabine Anciant et Coline Morel \u00b7 Sophie Bourel et La Minutieuse \u00b7 Thelma Tr\u00e9bel \u00b7 Typhaine D \u00b7 Virginie S\u00e9ba<\/p>\t\t\t\t\t\t\t\t<\/div>\n\t\t\t\t<\/div>\n\t\t\t\t\t<\/div>\n\t\t\t\t<\/div>\n\t\t<div class=\"elementor-element elementor-element-39c91d8 e-flex e-con-boxed e-con e-parent\" data-id=\"39c91d8\" data-element_type=\"container\" data-e-type=\"container\">\n\t\t\t\t\t<div class=\"e-con-inner\">\n\t\t<div class=\"elementor-element elementor-element-a1ddf65 e-con-full e-flex e-con e-child\" data-id=\"a1ddf65\" data-element_type=\"container\" data-e-type=\"container\">\n\t\t\t\t<div class=\"elementor-element elementor-element-a3e60e7 elementor-widget elementor-widget-heading\" data-id=\"a3e60e7\" data-element_type=\"widget\" data-e-type=\"widget\" data-widget_type=\"heading.default\">\n\t\t\t\t\t<h2 class=\"elementor-heading-title elementor-size-default\">Saison 2025\/2026<\/h2>\t\t\t\t<\/div>\n\t\t\t\t<\/div>\n\t\t\t\t\t<\/div>\n\t\t\t\t<\/div>\n\t\t<div class=\"elementor-element elementor-element-7c6209f e-flex e-con-boxed e-con e-parent\" data-id=\"7c6209f\" data-element_type=\"container\" data-e-type=\"container\">\n\t\t\t\t\t<div class=\"e-con-inner\">\n\t\t<div class=\"elementor-element elementor-element-5e3c1f3 e-con-full e-flex e-con e-child\" data-id=\"5e3c1f3\" data-element_type=\"container\" data-e-type=\"container\">\n\t\t\t\t<div class=\"elementor-element elementor-element-e8f79a3 elementor-widget elementor-widget-text-editor\" data-id=\"e8f79a3\" data-element_type=\"widget\" data-e-type=\"widget\" data-widget_type=\"text-editor.default\">\n\t\t\t\t\t\t\t\t\t<p class=\"p1\">\u00b7 Alice Allouc (Collectif Les gens du Lieu)<br \/>\u00b7 Ali\u00e9nor<br \/>\u00b7 Amandine Gay et H\u00e9lo\u00efse Logi\u00e9 (Cie 512)<br \/>\u00b7 Ana\u00efs Barkati (Cie Au Cas O\u00f9)<br \/>\u00b7 Anne Cantineau La D\u00e9vor\u00eaveuse<br \/>\u00b7 Apolline Gille-Mal\u00e9z\u00e9 (Cie Sillage)<br \/>\u00b7 Aur\u00e9lia Jarry<br \/>\u00b7 Aur\u00e9lie Ruby (Cie du Pas Suivant)<br \/>\u00b7 Bernadette Gruson<br \/>\u00b7 Bijoux Sinda (Cie Cre\u2019art Music)<br \/>\u00b7 Blandine Bonelli (Cie Bonnie et Jacques<br \/>\u00b7 Candice Pailleux<br \/>\u00b7 C\u00e9cile Martin et Caroline Sahuquet (Cie MFMR)<br \/>\u00b7 C\u00e9cile Morel (Cie M\u00eellezames)<br \/>\u00b7 Charl\u00e8ne Blanchard (Cie Myosotis)<br \/>\u00b7 Charlie Ravet et Paloma Stefanini (Cie Tracer)<br \/>\u00b7 Charlotte Berthier Nivet (Cie Toujours l\u2019Orage)<br \/>\u00b7 Charlotte Braquet (Cie Les Laboureurs)<br \/>\u00b7 Chlo\u00e9 Thibaud avec Lio, Flore Benguigui,\u00a0Imany &amp; Nach<br \/>\u00b7 Claire Angelini<br \/>\u00b7 Cl\u00e9mence Mollet, Lisa Gervasoni, Fanny Pascaud, Caroline Riche (Cie des Travaux Finis)<br \/>\u00b7 Clexomil, Lucie Pradeau, Zofia (Cie Angoisse Comedy Club)<br \/>\u00b7 Christine Durif-Bruckert (Cie Lanterne rouge)<br \/>\u00b7 Daphn\u00e9 Piquet (Cie \u00c0 travers le feuillage)<br \/>\u00b7 Delphine Delatte (Cie C\u2019est pas un drame\u2009!)<br \/>\u00b7 Dounia Brousse (Cie du Tournesol Bleu)<br \/>\u00b7 Elina Martinez (Cie Pourquoi sont-elles veuves\u2009?)<br \/>\u00b7 \u00c9lodie Zara (Cie Passigran)<br \/>\u00b7 \u00c9milie Houillon<br \/>\u00b7 \u00c9milie Leconte (Cie atelier marcadet)<br \/>\u00b7 Estelle Gapp (Cie In Fact)<br \/>\u00b7 Etcha Dvornik (Cie Etcha Dvornik)<br \/>\u00b7 G\u00e9raldine Szajman (Cie Les enfants du paradis)<br \/>\u00b7 Guvi, Eug\u00e9nie, Krizr\u00e9ak, Odila &amp; Fran\u00e7oise,\u00a0Ruby La Claque &amp; Cyb\u00e8le<br \/>\u00b7 Hasna Hussein (Cie Preva.net)<br \/>\u00b7 Fane Desrues (Cie de la libert\u00e9)<br \/>\u00b7 Fanny de Montmarin<br \/>\u00b7 Fanny Jouffroy (Cie Spontan\u00e9ment Oui)<\/p>\t\t\t\t\t\t\t\t<\/div>\n\t\t\t\t<\/div>\n\t\t<div class=\"elementor-element elementor-element-f68c1fd e-con-full e-flex e-con e-child\" data-id=\"f68c1fd\" data-element_type=\"container\" data-e-type=\"container\">\n\t\t\t\t<div class=\"elementor-element elementor-element-e404f12 elementor-widget elementor-widget-text-editor\" data-id=\"e404f12\" data-element_type=\"widget\" data-e-type=\"widget\" data-widget_type=\"text-editor.default\">\n\t\t\t\t\t\t\t\t\t<p class=\"p1\">\u00b7 Fanny Raoul (Cie Mn\u00e9mosyne)<br \/>\u00b7 Ines Amarouche (Collectif LAM\/LAC)<br \/>\u00b7 Ir\u00e8ne Boinet (Cie \u00c0 Ciel Ferm\u00e9)<br \/>\u00b7 Jill Delatour, La Mauvaise Foi, King Jakob, Margore<br \/>\u00b7 Juan Miranda, Astrid Albiso et Caroline Gleyze\u00a0(Cie El Va\u00efv\u00e9n)<br \/>\u00b7 Katia Vonna Beltran<br \/>\u00b7 Juliette Duret, Coralie Emilion-Languille, Armelle Gerbault, Fanny Pascaud<br \/>\u00b7 Laurence Joseph (Cie Aztec Musique)<br \/>\u00b7 L\u00e9a Conil et le collectif L\u00e0-bas si j\u2019y vais<br \/>\u00b7 Lola Pagny (Collectif There\u2019s a Way)<br \/>\u00b7 Lucile Graziella et Camille De Santis\u00a0(Cie Composite &amp; L\u2019Esperluette)<br \/>\u00b7 Malou Estenne<br \/>\u00b7 Margot Madani<br \/>\u00b7 Marine Dubruque<br \/>\u00b7 Marisa Gnondaho Dit Simon (Cie 5H45)<br \/>\u00b7 Melian Blanchard (Cie Habitable Exoplanet 404)<br \/>\u00b7 Melissa Mambo Bangala et Sol\u00e8ne Celse<br \/>\u00b7 M\u00e9lissa Plaza (Compagnie M\u00e9lissa Plaza SARL)<br \/>\u00b7 M\u00e9lody Jagu (Cie Aimendo)<br \/>\u00b7 Mich\u00e8le Bernard, Anne Sylvestre, Barbara, Juliette, Mood, Bulle<br \/>\u00b7 Milena Kauffmann (Cie La Ch\u00e2taigne)<br \/>\u00b7 Muriel Sapinho (Cie Enjeux)<br \/>\u00b7 Myriam Liverneaux (Cie Hyst\u00e9rie)<br \/>\u00b7 Natalia Lizorkina (Cie L\u2019\u0152il \u00e9piss\u00e9 sur \u00e2me pure)<br \/>\u00b7 Perrine D\u00e9za (Cie Scott Fins Production)<br \/>\u00b7 Romane Kraemer (Cie Le Th\u00e9\u00e2tre de L\u2019Impr\u00e9vu)<br \/>\u00b7 Roxane Rizvi (Cie Le Plateau des Sources Rouges)<br \/>\u00b7 Rachel Mastin et Lucile Cartier\u00a0(Cie Les Bourdonneuses)<br \/>\u00b7 Rafa\u00eble Arditti (Cie Matador)<br \/>\u00b7 Sandra Fabbri (Cie les Mille Portes)<br \/>\u00b7 Sarah Berthiaume (Cie 512)<br \/>\u00b7 Tess Boutmann (Cie LamaLo)<br \/>\u00b7 Teva Pouillet<br \/>\u00b7 Virginie S\u00e9ba (Cie Les D\u00e9m\u00e9ninges)<br \/>\u00b7 Yann Karaquillo (Cie Sait-Mouvoir)<br \/>\u00b7 Zohra Bensliman<\/p>\t\t\t\t\t\t\t\t<\/div>\n\t\t\t\t<\/div>\n\t\t<div class=\"elementor-element elementor-element-42e5641 e-con-full e-flex e-con e-child\" data-id=\"42e5641\" data-element_type=\"container\" data-e-type=\"container\">\n\t\t\t\t<div class=\"elementor-element elementor-element-c52b842 elementor-widget elementor-widget-text-editor\" data-id=\"c52b842\" data-element_type=\"widget\" data-e-type=\"widget\" data-widget_type=\"text-editor.default\">\n\t\t\t\t\t\t\t\t\t<p class=\"p1\"><span style=\"text-decoration: underline;\"><em>Les Mercredis-Ap\u00e9ros<br \/><\/em><\/span>Ajax Vander (Cie Les Sans Contacts) \u00b7 Ana\u00efs Barkati, Floriane D&rsquo;Erneville, Alice Vern et Yasunori Sasa \u00b7 Ana Mainer Mart\u00edn &amp; Carmen Mainer Mart\u00edn (Cie Gavarnie Ensemble) \u00b7 Anne Cantineau La D\u00e9vor\u00eaveuse \u00b7 Bettina Zourli \u00b7 Candice Pailleux \u00b7 Constance Dedieu-Grasset (Cie Loin Devant) \u00b7 Edith et No\u00e9e R (Cie 512) \u00b7 Elish\u00e9va Decastel (Cie de l\u2019\u00eatre et de l\u2019autre) \u00b7 Fiona Emy \u00b7 Florence Desnouveaux et Alain Prioul \u00b7 Joanna Khalaf (Cie International Theatre Paris) \u00b7 Kamas \u00b7 Karo \u00b7 L\u00e9a Crevon \u00b7 Ma\u00eblle Mays (ie Le Thyase) \u00b7 Maria Antonia Pingitore \u00b7 Paola Berrod (Cie BAAM Productions) \u00b7 Rozam (M\u00eellezames) \u00b7 Salom\u00e9 Attias, Valentine Nogalo, Alicia Ligi, Nolwenn de la Pinti\u00e8re, Margot Torres (Compagnie \u00c0 trois doigts du succ\u00e8s) \u00b7 Sarah P\u00e8pe (Cie Vent Debout) \u00b7 Thea Bootz (Cie Venus Music \u00b7 Zoe Bourdaud (Compagnie La Parataxe) \u00b7 Zineb Benomar (Cie Controle-Z)<\/p><p class=\"p1\"><span style=\"text-decoration: underline;\"><em><br \/>Les Mardis de l\u2019impro f\u00e9ministe<br \/><\/em><\/span>Alex Casanova, Elise Brinon, Marie Joly \u00b7 Caroline Riche et Oph\u00e9lie Trichard (Cie EUX) \u00b7 Charlotte Finet, Fanny Pascaud, Manon Bril \u00b7 Emma Debroise, Mathilde Mir, Chlo\u00e9 Thibaud, Cl\u00e9mence Mollet, Salom\u00e9 Attias (Cie Elles5) \u00b7 Valentine Nogalo \u00b7 Lisa Gervasoni (Cie Impro La Famille) \u00b7 Elodie Espada, Juliette Clocher, Luciole de Feu, Julie Monzein (Compagnie La fi\u00e8vre Comedy Club)<\/p>\t\t\t\t\t\t\t\t<\/div>\n\t\t\t\t<\/div>\n\t\t\t\t\t<\/div>\n\t\t\t\t<\/div>\n\t\t<div class=\"elementor-element elementor-element-425b461 e-flex e-con-boxed e-con e-parent\" data-id=\"425b461\" data-element_type=\"container\" data-e-type=\"container\">\n\t\t\t\t\t<div class=\"e-con-inner\">\n\t\t\t\t<div class=\"elementor-element elementor-element-dbf3d22 elementor-widget elementor-widget-spacer\" data-id=\"dbf3d22\" data-element_type=\"widget\" data-e-type=\"widget\" data-widget_type=\"spacer.default\">\n\t\t\t\t\t\t\t<div class=\"elementor-spacer\">\n\t\t\t<div class=\"elementor-spacer-inner\"><\/div>\n\t\t<\/div>\n\t\t\t\t\t\t<\/div>\n\t\t\t\t\t<\/div>\n\t\t\t\t<\/div>\n\t\t\t\t<\/div>\n\t\t","protected":false},"excerpt":{"rendered":"<p>Acc\u00e8s au th\u00e9\u00e2tre Lieu accessible aux personnes \u00e0 mobilit\u00e9 r\u00e9duite Lieu accessibleaux personnes \u00e0 mobilit\u00e9 r\u00e9duite 18 rue de l\u2019Orillon &#8211; 75011 Paris M\u00e9tro Goncourt L.11 \/ Belleville L.11 et L.2 BusGoncourt Bus 46 et Bus 75 V\u00e9lib2 rue du Buisson Saint-Louis140 avenue Parmentier116 bd de Belleville81 bis rue Jean-Pierre Timbaud Contact Pour toutes questionsrelatives [&hellip;]<\/p>\n","protected":false},"author":1,"featured_media":0,"parent":0,"menu_order":0,"comment_status":"closed","ping_status":"closed","template":"elementor_header_footer","meta":{"footnotes":""},"class_list":["post-10","page","type-page","status-publish","hentry"],"_links":{"self":[{"href":"https:\/\/lelocaldesautrices.fr\/index.php\/wp-json\/wp\/v2\/pages\/10","targetHints":{"allow":["GET"]}}],"collection":[{"href":"https:\/\/lelocaldesautrices.fr\/index.php\/wp-json\/wp\/v2\/pages"}],"about":[{"href":"https:\/\/lelocaldesautrices.fr\/index.php\/wp-json\/wp\/v2\/types\/page"}],"author":[{"embeddable":true,"href":"https:\/\/lelocaldesautrices.fr\/index.php\/wp-json\/wp\/v2\/users\/1"}],"replies":[{"embeddable":true,"href":"https:\/\/lelocaldesautrices.fr\/index.php\/wp-json\/wp\/v2\/comments?post=10"}],"version-history":[{"count":907,"href":"https:\/\/lelocaldesautrices.fr\/index.php\/wp-json\/wp\/v2\/pages\/10\/revisions"}],"predecessor-version":[{"id":2969,"href":"https:\/\/lelocaldesautrices.fr\/index.php\/wp-json\/wp\/v2\/pages\/10\/revisions\/2969"}],"wp:attachment":[{"href":"https:\/\/lelocaldesautrices.fr\/index.php\/wp-json\/wp\/v2\/media?parent=10"}],"curies":[{"name":"wp","href":"https:\/\/api.w.org\/{rel}","templated":true}]}}