{"id":14,"date":"2026-07-30T09:31:21","date_gmt":"2026-07-30T09:31:21","guid":{"rendered":"http:\/\/fmrskli.cluster129.hosting.ovh.net\/?page_id=14"},"modified":"2026-08-20T14:23:12","modified_gmt":"2026-08-20T14:23:12","slug":"autour-des-spectacles","status":"publish","type":"page","link":"https:\/\/lelocaldesautrices.fr\/index.php\/autour-des-spectacles\/","title":{"rendered":"Autour des spectacles"},"content":{"rendered":"\t\t<div data-elementor-type=\"wp-page\" data-elementor-id=\"14\" class=\"elementor elementor-14\">\n\t\t\t\t<div class=\"elementor-element elementor-element-b0f9c63 e-flex e-con-boxed e-con e-parent\" data-id=\"b0f9c63\" data-element_type=\"container\" data-e-type=\"container\">\n\t\t\t\t\t<div class=\"e-con-inner\">\n\t\t<div class=\"elementor-element elementor-element-af599d4 e-con-full e-flex e-con e-child\" data-id=\"af599d4\" data-element_type=\"container\" data-e-type=\"container\">\n\t\t\t\t<div class=\"elementor-element elementor-element-1f7743e elementor-hidden-desktop elementor-hidden-tablet elementor-widget elementor-widget-image\" data-id=\"1f7743e\" data-element_type=\"widget\" data-e-type=\"widget\" data-widget_type=\"image.default\">\n\t\t\t\t\t\t\t\t\t\t\t\t\t\t\t<img fetchpriority=\"high\" decoding=\"async\" width=\"2560\" height=\"1164\" src=\"https:\/\/lelocaldesautrices.fr\/wp-content\/uploads\/2026\/08\/parcours-spectateurices-portable-scaled.jpg\" class=\"attachment-full size-full wp-image-2654\" alt=\"\" srcset=\"https:\/\/lelocaldesautrices.fr\/wp-content\/uploads\/2026\/08\/parcours-spectateurices-portable-scaled.jpg 2560w, https:\/\/lelocaldesautrices.fr\/wp-content\/uploads\/2026\/08\/parcours-spectateurices-portable-300x136.jpg 300w, https:\/\/lelocaldesautrices.fr\/wp-content\/uploads\/2026\/08\/parcours-spectateurices-portable-1024x466.jpg 1024w, https:\/\/lelocaldesautrices.fr\/wp-content\/uploads\/2026\/08\/parcours-spectateurices-portable-768x349.jpg 768w, https:\/\/lelocaldesautrices.fr\/wp-content\/uploads\/2026\/08\/parcours-spectateurices-portable-1536x698.jpg 1536w, https:\/\/lelocaldesautrices.fr\/wp-content\/uploads\/2026\/08\/parcours-spectateurices-portable-2048x931.jpg 2048w\" sizes=\"(max-width: 2560px) 100vw, 2560px\" \/>\t\t\t\t\t\t\t\t\t\t\t\t\t\t\t<\/div>\n\t\t\t\t<div class=\"elementor-element elementor-element-342e241 elementor-hidden-mobile elementor-widget elementor-widget-image\" data-id=\"342e241\" data-element_type=\"widget\" data-e-type=\"widget\" data-widget_type=\"image.default\">\n\t\t\t\t\t\t\t\t\t\t\t\t\t\t\t<img decoding=\"async\" width=\"2560\" height=\"905\" src=\"https:\/\/lelocaldesautrices.fr\/wp-content\/uploads\/2026\/08\/Parcours-spectateurices-scaled.jpg\" class=\"attachment-full size-full wp-image-1656\" alt=\"\" srcset=\"https:\/\/lelocaldesautrices.fr\/wp-content\/uploads\/2026\/08\/Parcours-spectateurices-scaled.jpg 2560w, https:\/\/lelocaldesautrices.fr\/wp-content\/uploads\/2026\/08\/Parcours-spectateurices-300x106.jpg 300w, https:\/\/lelocaldesautrices.fr\/wp-content\/uploads\/2026\/08\/Parcours-spectateurices-1024x362.jpg 1024w, https:\/\/lelocaldesautrices.fr\/wp-content\/uploads\/2026\/08\/Parcours-spectateurices-768x271.jpg 768w, https:\/\/lelocaldesautrices.fr\/wp-content\/uploads\/2026\/08\/Parcours-spectateurices-1536x543.jpg 1536w, https:\/\/lelocaldesautrices.fr\/wp-content\/uploads\/2026\/08\/Parcours-spectateurices-2048x724.jpg 2048w\" sizes=\"(max-width: 2560px) 100vw, 2560px\" \/>\t\t\t\t\t\t\t\t\t\t\t\t\t\t\t<\/div>\n\t\t\t\t<\/div>\n\t\t\t\t\t<\/div>\n\t\t\t\t<\/div>\n\t\t<div class=\"elementor-element elementor-element-1b2c5bc e-flex e-con-boxed e-con e-parent\" data-id=\"1b2c5bc\" data-element_type=\"container\" data-e-type=\"container\">\n\t\t\t\t\t<div class=\"e-con-inner\">\n\t\t<div class=\"elementor-element elementor-element-88d9e88 e-con-full e-flex e-con e-child\" data-id=\"88d9e88\" data-element_type=\"container\" data-e-type=\"container\">\n\t\t\t\t<div class=\"elementor-element elementor-element-1e1e820 elementor-widget elementor-widget-text-editor\" data-id=\"1e1e820\" data-element_type=\"widget\" data-e-type=\"widget\" data-widget_type=\"text-editor.default\">\n\t\t\t\t\t\t\t\t\t<p data-olk-copy-source=\"MessageBody\"><span data-olk-copy-source=\"MessageBody\">Des ateliers de pratique artistique<\/span><\/p>\t\t\t\t\t\t\t\t<\/div>\n\t\t\t\t<div class=\"elementor-element elementor-element-4f30f3e elementor-widget elementor-widget-text-editor\" data-id=\"4f30f3e\" data-element_type=\"widget\" data-e-type=\"widget\" data-widget_type=\"text-editor.default\">\n\t\t\t\t\t\t\t\t\t<p class=\"p1\"><span class=\"s1\">L\u2019\u00e9criture f\u00e9ministe<\/span>, un beau projet, n\u2019est-ce pas\u00a0? Que vous soyez plut\u00f4t po\u00e9sie ou r\u00e9cit, plut\u00f4t vers ou prose, prenez part aux ateliers d\u2019\u00e9criture avec la Sibylle de nos jours.<\/p><p class=\"p1\">Chacun des ateliers est associ\u00e9 \u00e0 un spectacle jou\u00e9 au Local des Autrices\u00a0: assistez au spectacle puis prenez part \u00e0 l\u2019atelier, explorez des th\u00e9matiques li\u00e9es, essayez-vous \u00e0 l\u2019\u00e9criture \u00ab\u00a0\u00e0 la fa\u00e7on de\u00a0\u00bb en vous inspirant des textes des autrices.<\/p><p class=\"p1\">Chaque atelier d\u2019une dur\u00e9e de 2h30 donnera lieu \u00e0 2 ou 3 exercices d\u2019\u00e9criture, accessibles \u00e0 tous.tes que vous d\u00e9butiez dans l\u2019\u00e9criture ou que vous en soyez d\u00e9j\u00e0 adeptes, reposant sur des textes pioch\u00e9s dans les spectacles ainsi que dans un r\u00e9pertoire de po\u00e9sie exclusivement issu de la plume d\u2019autrices, c\u00e9l\u00e8bres ou non.<\/p><p class=\"p1\">Toute participation \u00e0 un atelier d\u2019\u00e9criture donne le droit de participer \u00e0 l\u2019une des soir\u00e9es po\u00e9sie en tant qu\u2019artiste ! Peaufinez vos textes, exercez-vous \u00e0 leur lecture, et venez les partager sur la sc\u00e8ne du Local des Autrices, ou profiter de la lecture de votre propre texte par une com\u00e9dienne, en votre nom. Invitez vos proches \u00e0 venir assister \u00e0 votre performance et \u00e9changez avec les autres participants, dans une atmosph\u00e8re d\u00e9tendue et positive !<\/p>\t\t\t\t\t\t\t\t<\/div>\n\t\t\t\t<div class=\"elementor-element elementor-element-377f161 elementor-widget-divider--view-line elementor-widget elementor-widget-divider\" data-id=\"377f161\" data-element_type=\"widget\" data-e-type=\"widget\" data-widget_type=\"divider.default\">\n\t\t\t\t\t\t\t<div class=\"elementor-divider\">\n\t\t\t<span class=\"elementor-divider-separator\">\n\t\t\t\t\t\t<\/span>\n\t\t<\/div>\n\t\t\t\t\t\t<\/div>\n\t\t\t\t<div class=\"elementor-element elementor-element-21eead4 elementor-widget elementor-widget-text-editor\" data-id=\"21eead4\" data-element_type=\"widget\" data-e-type=\"widget\" data-widget_type=\"text-editor.default\">\n\t\t\t\t\t\t\t\t\t<p class=\"p1\"><strong>Samedi 24 octobre de 13h \u00e0 15h30<\/strong><br \/>Atelier d\u2019\u00e9criture th\u00e9matique \u00abM\u00e9moires de femmes\u00bb, autour du spectacle \u00abQu\u2019elle se fasse oublier\u00bb.<\/p><p class=\"p1\"><strong>Samedi 7 novembre de 13h \u00e0 15h30<\/strong><br \/>Atelier \u00abMon corps et moi\u00bb, autour du spectacle \u00abJe Me Petit-Suicide au Chocolat\u00bb.<\/p><p class=\"p1\"><strong>Samedi 12 d\u00e9cembre de 13h \u00e0 15h30<\/strong><br \/>Atelier \u00abFemmes et travail\u00bb, autour du spectacle \u00abCelle qui ne dit pas a dit\u00bb.<\/p><p class=\"p1\"><strong>Dimanche 17 et 24 janvier 2027<\/strong><br \/>Soir\u00e9es po\u00e9sie associ\u00e9es aux ateliers<\/p>\t\t\t\t\t\t\t\t<\/div>\n\t\t\t\t<div class=\"elementor-element elementor-element-cfa2023 elementor-widget-divider--view-line elementor-widget elementor-widget-divider\" data-id=\"cfa2023\" data-element_type=\"widget\" data-e-type=\"widget\" data-widget_type=\"divider.default\">\n\t\t\t\t\t\t\t<div class=\"elementor-divider\">\n\t\t\t<span class=\"elementor-divider-separator\">\n\t\t\t\t\t\t<\/span>\n\t\t<\/div>\n\t\t\t\t\t\t<\/div>\n\t\t\t\t<div class=\"elementor-element elementor-element-2e0660b elementor-widget elementor-widget-text-editor\" data-id=\"2e0660b\" data-element_type=\"widget\" data-e-type=\"widget\" data-widget_type=\"text-editor.default\">\n\t\t\t\t\t\t\t\t\t<p data-olk-copy-source=\"MessageBody\"><span data-olk-copy-source=\"MessageBody\">Comment \u00e7a fonctionne ?<\/span><\/p>\t\t\t\t\t\t\t\t<\/div>\n\t\t\t\t<div class=\"elementor-element elementor-element-48ee194 elementor-widget elementor-widget-text-editor\" data-id=\"48ee194\" data-element_type=\"widget\" data-e-type=\"widget\" data-widget_type=\"text-editor.default\">\n\t\t\t\t\t\t\t\t\t<p>\u2022 Choisissez\u00a0<strong>1, 2 ou 3 spectacles<\/strong> parmi ceux propos\u00e9s ci-dessus.<br \/>\u2022 Pour chaque spectacle, participez \u00e0\u00a0<strong>un atelier de pratique artistique<\/strong>\u00a0en lien avec la proposition artistique.<br \/>\u2022 Vivez une exp\u00e9rience immersive qui m\u00eale regard, pratique et \u00e9change.<\/p>\t\t\t\t\t\t\t\t<\/div>\n\t\t\t\t<div class=\"elementor-element elementor-element-074ca99 elementor-widget elementor-widget-text-editor\" data-id=\"074ca99\" data-element_type=\"widget\" data-e-type=\"widget\" data-widget_type=\"text-editor.default\">\n\t\t\t\t\t\t\t\t\t<p data-olk-copy-source=\"MessageBody\"><span data-olk-copy-source=\"MessageBody\">Tarif<\/span><\/p>\t\t\t\t\t\t\t\t<\/div>\n\t\t\t\t<div class=\"elementor-element elementor-element-80300d7 elementor-widget elementor-widget-text-editor\" data-id=\"80300d7\" data-element_type=\"widget\" data-e-type=\"widget\" data-widget_type=\"text-editor.default\">\n\t\t\t\t\t\t\t\t\t<p>Vous pouvez composer librement votre parcours en r\u00e9servant un, deux ou trois duos <strong>spectacle + atelier<\/strong>, selon vos envie.<\/p><p class=\"x_gmail-isSelectedEnd\"><strong data-olk-copy-source=\"MessageBody\">20 \u20ac par parcours<\/strong>, comprenant :<\/p><p>\u2022 1 place de spectacle ;<br \/>\u2022 1 atelier de pratique artistique associ\u00e9.<\/p>\t\t\t\t\t\t\t\t<\/div>\n\t\t\t\t<div class=\"elementor-element elementor-element-747bbb8 elementor-widget elementor-widget-text-editor\" data-id=\"747bbb8\" data-element_type=\"widget\" data-e-type=\"widget\" data-widget_type=\"text-editor.default\">\n\t\t\t\t\t\t\t\t\t<p class=\"p1\"><span class=\"s1\"><b>La Sibylle de nos jours<\/b><\/span><\/p>\t\t\t\t\t\t\t\t<\/div>\n\t\t\t\t<div class=\"elementor-element elementor-element-4145586 elementor-widget elementor-widget-text-editor\" data-id=\"4145586\" data-element_type=\"widget\" data-e-type=\"widget\" data-widget_type=\"text-editor.default\">\n\t\t\t\t\t\t\t\t\t<p class=\"p1\">La Sibylle de nos jours a commenc\u00e9 \u00e0 \u00e9crire d\u00e8s son plus jeune \u00e2ge ; une addiction motiv\u00e9e par les injustices du monde et dont elle t\u00e2cha de se d\u00e9barrasser afin de retrouver un quotidien ordinaire, sans succ\u00e8s. Lasse de cette infortune, elle choisit de devenir autrice po\u00e9tesse et performeuse de la sc\u00e8ne parisienne.<\/p><p class=\"p1\">F\u00e9ministe intersectionnelle engag\u00e9e, elle milite aujourd\u2019hui pour mettre en acte le pouvoir lib\u00e9rateur de la r\u00e9appropriation des r\u00e9cits et des mots, \u00e0 la port\u00e9e des victimes oppress\u00e9es de toutes minorit\u00e9s.<span class=\"Apple-converted-space\">\u00a0 \u00a0<\/span><\/p><p class=\"p1\">Ayant t\u00e2ch\u00e9 de remplacer l\u2019\u00e9criture par d\u2019autres formes d\u2019arts, elle multiplie d\u00e9sormais ses addictions, se produisant \u00e9galement en arts visuels et en arts vivants, ou encore lors d\u2019ateliers d\u2019\u00e9criture. Autrice auto-\u00e9dit\u00e9e du recueil de po\u00e9sie narrative \u00ab\u00a0Le Manifesto de la femme viol\u00e9e\u00a0\u00bb (2025), elle incarne son propre personnage dans la mise en sc\u00e8ne po\u00e9tico-th\u00e9\u00e2trale de cette \u0153uvre, r\u00e9guli\u00e8rement jou\u00e9e \u00e0 Paris et dans plusieurs villes de province depuis 2024.<\/p>\t\t\t\t\t\t\t\t<\/div>\n\t\t\t\t<\/div>\n\t\t\t\t\t<\/div>\n\t\t\t\t<\/div>\n\t\t<div class=\"elementor-element elementor-element-f650115 e-con-full e-flex e-con e-parent\" data-id=\"f650115\" data-element_type=\"container\" data-e-type=\"container\">\n\t\t<div class=\"elementor-element elementor-element-4018884 e-con-full e-flex e-con e-child\" data-id=\"4018884\" data-element_type=\"container\" data-e-type=\"container\" data-settings=\"{&quot;background_background&quot;:&quot;classic&quot;}\">\n\t\t\t\t<div class=\"elementor-element elementor-element-6d287db elementor-widget elementor-widget-heading\" data-id=\"6d287db\" data-element_type=\"widget\" data-e-type=\"widget\" data-widget_type=\"heading.default\">\n\t\t\t\t\t<h2 class=\"elementor-heading-title elementor-size-default\"><a href=\"https:\/\/lelocaldesautrices.fr\/index.php\/la-saison\/\">R\u00e9servez depuis la billetterie<\/a><\/h2>\t\t\t\t<\/div>\n\t\t\t\t<\/div>\n\t\t\t\t<div class=\"elementor-element elementor-element-c0cc594 elementor-widget elementor-widget-spacer\" data-id=\"c0cc594\" data-element_type=\"widget\" data-e-type=\"widget\" data-widget_type=\"spacer.default\">\n\t\t\t\t\t\t\t<div class=\"elementor-spacer\">\n\t\t\t<div class=\"elementor-spacer-inner\"><\/div>\n\t\t<\/div>\n\t\t\t\t\t\t<\/div>\n\t\t\t\t<\/div>\n\t\t\t\t<\/div>\n\t\t","protected":false},"excerpt":{"rendered":"<p>Des ateliers de pratique artistique L\u2019\u00e9criture f\u00e9ministe, un beau projet, n\u2019est-ce pas\u00a0? Que vous soyez plut\u00f4t po\u00e9sie ou r\u00e9cit, plut\u00f4t vers ou prose, prenez part aux ateliers d\u2019\u00e9criture avec la Sibylle de nos jours. Chacun des ateliers est associ\u00e9 \u00e0 un spectacle jou\u00e9 au Local des Autrices\u00a0: assistez au spectacle puis prenez part \u00e0 l\u2019atelier, [&hellip;]<\/p>\n","protected":false},"author":1,"featured_media":0,"parent":0,"menu_order":0,"comment_status":"closed","ping_status":"closed","template":"elementor_header_footer","meta":{"footnotes":""},"class_list":["post-14","page","type-page","status-publish","hentry"],"_links":{"self":[{"href":"https:\/\/lelocaldesautrices.fr\/index.php\/wp-json\/wp\/v2\/pages\/14","targetHints":{"allow":["GET"]}}],"collection":[{"href":"https:\/\/lelocaldesautrices.fr\/index.php\/wp-json\/wp\/v2\/pages"}],"about":[{"href":"https:\/\/lelocaldesautrices.fr\/index.php\/wp-json\/wp\/v2\/types\/page"}],"author":[{"embeddable":true,"href":"https:\/\/lelocaldesautrices.fr\/index.php\/wp-json\/wp\/v2\/users\/1"}],"replies":[{"embeddable":true,"href":"https:\/\/lelocaldesautrices.fr\/index.php\/wp-json\/wp\/v2\/comments?post=14"}],"version-history":[{"count":175,"href":"https:\/\/lelocaldesautrices.fr\/index.php\/wp-json\/wp\/v2\/pages\/14\/revisions"}],"predecessor-version":[{"id":2836,"href":"https:\/\/lelocaldesautrices.fr\/index.php\/wp-json\/wp\/v2\/pages\/14\/revisions\/2836"}],"wp:attachment":[{"href":"https:\/\/lelocaldesautrices.fr\/index.php\/wp-json\/wp\/v2\/media?parent=14"}],"curies":[{"name":"wp","href":"https:\/\/api.w.org\/{rel}","templated":true}]}}