{"id":18,"date":"2026-07-30T09:31:55","date_gmt":"2026-07-30T09:31:55","guid":{"rendered":"http:\/\/fmrskli.cluster129.hosting.ovh.net\/?page_id=18"},"modified":"2026-08-20T14:23:44","modified_gmt":"2026-08-20T14:23:44","slug":"nos-rendez-vous","status":"publish","type":"page","link":"https:\/\/lelocaldesautrices.fr\/index.php\/nos-rendez-vous\/","title":{"rendered":"Nos rendez-vous"},"content":{"rendered":"\t\t<div data-elementor-type=\"wp-page\" data-elementor-id=\"18\" class=\"elementor elementor-18\">\n\t\t\t\t<div class=\"elementor-element elementor-element-4adc51c e-flex e-con-boxed e-con e-parent\" data-id=\"4adc51c\" data-element_type=\"container\" data-e-type=\"container\">\n\t\t\t\t\t<div class=\"e-con-inner\">\n\t\t\t\t<div class=\"elementor-element elementor-element-6aafe94 elementor-widget elementor-widget-heading\" data-id=\"6aafe94\" data-element_type=\"widget\" data-e-type=\"widget\" data-widget_type=\"heading.default\">\n\t\t\t\t\t<h2 class=\"elementor-heading-title elementor-size-default\">Nos rendez-vous<\/h2>\t\t\t\t<\/div>\n\t\t\t\t\t<\/div>\n\t\t\t\t<\/div>\n\t\t<div class=\"elementor-element elementor-element-1d90944 e-flex e-con-boxed e-con e-parent\" data-id=\"1d90944\" data-element_type=\"container\" data-e-type=\"container\">\n\t\t\t\t\t<div class=\"e-con-inner\">\n\t\t<div class=\"elementor-element elementor-element-25b7cec e-con-full e-flex e-con e-child\" data-id=\"25b7cec\" data-element_type=\"container\" data-e-type=\"container\">\n\t\t\t\t<div class=\"elementor-element elementor-element-923c2d7 elementor-widget elementor-widget-image\" data-id=\"923c2d7\" data-element_type=\"widget\" data-e-type=\"widget\" data-widget_type=\"image.default\">\n\t\t\t\t\t\t\t\t\t\t\t\t\t\t\t<img fetchpriority=\"high\" decoding=\"async\" width=\"2560\" height=\"1164\" src=\"https:\/\/lelocaldesautrices.fr\/wp-content\/uploads\/2026\/08\/Les-rdv1-scaled.jpg\" class=\"attachment-full size-full wp-image-726\" alt=\"\" srcset=\"https:\/\/lelocaldesautrices.fr\/wp-content\/uploads\/2026\/08\/Les-rdv1-scaled.jpg 2560w, https:\/\/lelocaldesautrices.fr\/wp-content\/uploads\/2026\/08\/Les-rdv1-300x136.jpg 300w, https:\/\/lelocaldesautrices.fr\/wp-content\/uploads\/2026\/08\/Les-rdv1-1024x465.jpg 1024w, https:\/\/lelocaldesautrices.fr\/wp-content\/uploads\/2026\/08\/Les-rdv1-768x349.jpg 768w, https:\/\/lelocaldesautrices.fr\/wp-content\/uploads\/2026\/08\/Les-rdv1-1536x698.jpg 1536w, https:\/\/lelocaldesautrices.fr\/wp-content\/uploads\/2026\/08\/Les-rdv1-2048x931.jpg 2048w\" sizes=\"(max-width: 2560px) 100vw, 2560px\" \/>\t\t\t\t\t\t\t\t\t\t\t\t\t\t\t<\/div>\n\t\t\t\t<div class=\"elementor-element elementor-element-3ea44c2 elementor-align-justify elementor-widget elementor-widget-button\" data-id=\"3ea44c2\" data-element_type=\"widget\" data-e-type=\"widget\" data-widget_type=\"button.default\">\n\t\t\t\t\t\t\t\t\t\t<a class=\"elementor-button elementor-button-link elementor-size-sm\" href=\"https:\/\/lelocaldesautrices.fr\/index.php\/la-saison\/\">\n\t\t\t\t\t\t<span class=\"elementor-button-content-wrapper\">\n\t\t\t\t\t\t\t\t\t<span class=\"elementor-button-text\">R\u00e9servez sur la billetterie<\/span>\n\t\t\t\t\t<\/span>\n\t\t\t\t\t<\/a>\n\t\t\t\t\t\t\t\t<\/div>\n\t\t\t\t<div class=\"elementor-element elementor-element-62c8ae4 elementor-widget elementor-widget-text-editor\" data-id=\"62c8ae4\" data-element_type=\"widget\" data-e-type=\"widget\" data-widget_type=\"text-editor.default\">\n\t\t\t\t\t\t\t\t\t<p data-olk-copy-source=\"MessageBody\">Chaque lundi soir, le\u00a0<strong>Local des Autrices<\/strong>\u00a0vous donne rendez-vous avec l&rsquo;univers de\u00a0<strong>Sarah P\u00e8pe<\/strong>, autrice, metteuse en sc\u00e8ne, com\u00e9dienne, et directrice du lieu. \u00c0 travers une programmation r\u00e9guli\u00e8re, venez d\u00e9couvrir ou red\u00e9couvrir ses textes, port\u00e9s \u00e0 la sc\u00e8ne dans un esprit de proximit\u00e9, de partage et de rencontre avec le public.<br \/>Chaque repr\u00e9sentation est l&rsquo;occasion de plonger dans une \u00e9criture contemporaine sensible, engag\u00e9e et vivante, qui fait dialoguer les r\u00e9cits intimes avec les questions de soci\u00e9t\u00e9.<\/p><p><strong>Le lundi, c&rsquo;est Sarah<\/strong>, c&rsquo;est un rendez-vous hebdomadaire qui fait battre le c\u0153ur du Local des Autrices : un temps privil\u00e9gi\u00e9 pour d\u00e9couvrir le travail de l&rsquo;artiste qui porte le projet du lieu et d\u00e9fend, tout au long de l&rsquo;ann\u00e9e, les \u00e9critures th\u00e9\u00e2trales contemporaines. Que vous soyez fid\u00e8le ou de passage, poussez la porte du th\u00e9\u00e2tre chaque lundi et laissez-vous surprendre par une nouvelle histoire.<\/p>\t\t\t\t\t\t\t\t<\/div>\n\t\t\t\t<div class=\"elementor-element elementor-element-b84d1ad elementor-widget-divider--view-line elementor-widget elementor-widget-divider\" data-id=\"b84d1ad\" data-element_type=\"widget\" data-e-type=\"widget\" data-widget_type=\"divider.default\">\n\t\t\t\t\t\t\t<div class=\"elementor-divider\">\n\t\t\t<span class=\"elementor-divider-separator\">\n\t\t\t\t\t\t<\/span>\n\t\t<\/div>\n\t\t\t\t\t\t<\/div>\n\t\t\t\t<div class=\"elementor-element elementor-element-088c162 elementor-widget elementor-widget-text-editor\" data-id=\"088c162\" data-element_type=\"widget\" data-e-type=\"widget\" data-widget_type=\"text-editor.default\">\n\t\t\t\t\t\t\t\t\t<p class=\"p1\">Programmation annonc\u00e9e en octobre<\/p>\t\t\t\t\t\t\t\t<\/div>\n\t\t\t\t<\/div>\n\t\t<div class=\"elementor-element elementor-element-dfc1e64 e-con-full e-flex e-con e-child\" data-id=\"dfc1e64\" data-element_type=\"container\" data-e-type=\"container\">\n\t\t\t\t<div class=\"elementor-element elementor-element-5a5f3ea elementor-widget elementor-widget-image\" data-id=\"5a5f3ea\" data-element_type=\"widget\" data-e-type=\"widget\" data-widget_type=\"image.default\">\n\t\t\t\t\t\t\t\t\t\t\t\t\t\t\t<img decoding=\"async\" width=\"2560\" height=\"1164\" src=\"https:\/\/lelocaldesautrices.fr\/wp-content\/uploads\/2026\/08\/Les-rdv2-scaled.jpg\" class=\"attachment-full size-full wp-image-727\" alt=\"\" srcset=\"https:\/\/lelocaldesautrices.fr\/wp-content\/uploads\/2026\/08\/Les-rdv2-scaled.jpg 2560w, https:\/\/lelocaldesautrices.fr\/wp-content\/uploads\/2026\/08\/Les-rdv2-300x136.jpg 300w, https:\/\/lelocaldesautrices.fr\/wp-content\/uploads\/2026\/08\/Les-rdv2-1024x465.jpg 1024w, https:\/\/lelocaldesautrices.fr\/wp-content\/uploads\/2026\/08\/Les-rdv2-768x349.jpg 768w, https:\/\/lelocaldesautrices.fr\/wp-content\/uploads\/2026\/08\/Les-rdv2-1536x698.jpg 1536w, https:\/\/lelocaldesautrices.fr\/wp-content\/uploads\/2026\/08\/Les-rdv2-2048x931.jpg 2048w\" sizes=\"(max-width: 2560px) 100vw, 2560px\" \/>\t\t\t\t\t\t\t\t\t\t\t\t\t\t\t<\/div>\n\t\t\t\t<div class=\"elementor-element elementor-element-46e3026 elementor-align-justify elementor-widget elementor-widget-button\" data-id=\"46e3026\" data-element_type=\"widget\" data-e-type=\"widget\" data-widget_type=\"button.default\">\n\t\t\t\t\t\t\t\t\t\t<a class=\"elementor-button elementor-button-link elementor-size-sm\" href=\"https:\/\/lelocaldesautrices.fr\/index.php\/la-saison\/\">\n\t\t\t\t\t\t<span class=\"elementor-button-content-wrapper\">\n\t\t\t\t\t\t\t\t\t<span class=\"elementor-button-text\">R\u00e9servez sur la billetterie<\/span>\n\t\t\t\t\t<\/span>\n\t\t\t\t\t<\/a>\n\t\t\t\t\t\t\t\t<\/div>\n\t\t\t\t<div class=\"elementor-element elementor-element-65f6759 elementor-widget elementor-widget-text-editor\" data-id=\"65f6759\" data-element_type=\"widget\" data-e-type=\"widget\" data-widget_type=\"text-editor.default\">\n\t\t\t\t\t\t\t\t\t<p data-olk-copy-source=\"MessageBody\">Depuis une dizaine d&rsquo;ann\u00e9es maintenant,\u00a0<span class=\"x_gmail-il\">Mathilde<\/span>, r\u00e9v\u00e9l\u00e9e au grand public dans l&rsquo;\u00e9mission The Voice en 2015 et tra\u00e7ant sa route depuis sur les chemins de traverse de l&rsquo;industrie musicale, se pr\u00e9sente au monde et \u00e0 son public au creux de trois mots magiques: autrice, compositrice, interpr\u00e8te. Certes, ces mots dessinent les contours les plus connus de sa carri\u00e8re, mais au coeur de son r\u00e9acteur, <span class=\"x_gmail-il\">Mathilde<\/span>\u00a0s&rsquo;\u00e9prouve surtout au sein d&rsquo;un seul mot qui semble encapsuler tout son cosmos int\u00e9rieur :\u00a0<span class=\"x_gmail-il\">Mathilde<\/span>\u00a0est artiste. Artiste musicienne. Aussi, arm\u00e9e uniquement de ses instruments et machines musicales,\u00a0<span class=\"x_gmail-il\">Mathilde<\/span> pr\u00e9sentera au public, dans le cocon du Local des Autrices, une nouvelle facette peut-\u00eatre plus pudique, vuln\u00e9rable et sauvage de son univers, entre po\u00e8mes, slam, compositions instrumentales et chansons in\u00e9dite.<\/p>\t\t\t\t\t\t\t\t<\/div>\n\t\t\t\t<div class=\"elementor-element elementor-element-4b0944c elementor-widget-divider--view-line elementor-widget elementor-widget-divider\" data-id=\"4b0944c\" data-element_type=\"widget\" data-e-type=\"widget\" data-widget_type=\"divider.default\">\n\t\t\t\t\t\t\t<div class=\"elementor-divider\">\n\t\t\t<span class=\"elementor-divider-separator\">\n\t\t\t\t\t\t<\/span>\n\t\t<\/div>\n\t\t\t\t\t\t<\/div>\n\t\t\t\t<div class=\"elementor-element elementor-element-54a237a elementor-widget elementor-widget-text-editor\" data-id=\"54a237a\" data-element_type=\"widget\" data-e-type=\"widget\" data-widget_type=\"text-editor.default\">\n\t\t\t\t\t\t\t\t\t<div class=\"page\" title=\"Page 2\"><div class=\"section\"><div class=\"layoutArea\"><div class=\"column\"><p>Les e\u0301ve\u0300nements sont complets<\/p><\/div><\/div><\/div><\/div>\t\t\t\t\t\t\t\t<\/div>\n\t\t\t\t<\/div>\n\t\t\t\t\t<\/div>\n\t\t\t\t<\/div>\n\t\t<div class=\"elementor-element elementor-element-d58f077 e-flex e-con-boxed e-con e-parent\" data-id=\"d58f077\" data-element_type=\"container\" data-e-type=\"container\">\n\t\t\t\t\t<div class=\"e-con-inner\">\n\t\t<div class=\"elementor-element elementor-element-acc08a0 e-con-full e-flex e-con e-child\" data-id=\"acc08a0\" data-element_type=\"container\" data-e-type=\"container\">\n\t\t\t\t<div class=\"elementor-element elementor-element-a018fa0 elementor-widget elementor-widget-image\" data-id=\"a018fa0\" data-element_type=\"widget\" data-e-type=\"widget\" data-widget_type=\"image.default\">\n\t\t\t\t\t\t\t\t\t\t\t\t\t\t\t<img decoding=\"async\" width=\"2560\" height=\"1164\" src=\"https:\/\/lelocaldesautrices.fr\/wp-content\/uploads\/2026\/08\/Les-rdv3-scaled.jpg\" class=\"attachment-full size-full wp-image-728\" alt=\"\" srcset=\"https:\/\/lelocaldesautrices.fr\/wp-content\/uploads\/2026\/08\/Les-rdv3-scaled.jpg 2560w, https:\/\/lelocaldesautrices.fr\/wp-content\/uploads\/2026\/08\/Les-rdv3-300x136.jpg 300w, https:\/\/lelocaldesautrices.fr\/wp-content\/uploads\/2026\/08\/Les-rdv3-1024x465.jpg 1024w, https:\/\/lelocaldesautrices.fr\/wp-content\/uploads\/2026\/08\/Les-rdv3-768x349.jpg 768w, https:\/\/lelocaldesautrices.fr\/wp-content\/uploads\/2026\/08\/Les-rdv3-1536x698.jpg 1536w, https:\/\/lelocaldesautrices.fr\/wp-content\/uploads\/2026\/08\/Les-rdv3-2048x931.jpg 2048w\" sizes=\"(max-width: 2560px) 100vw, 2560px\" \/>\t\t\t\t\t\t\t\t\t\t\t\t\t\t\t<\/div>\n\t\t\t\t<div class=\"elementor-element elementor-element-56c6531 elementor-align-justify elementor-widget elementor-widget-button\" data-id=\"56c6531\" data-element_type=\"widget\" data-e-type=\"widget\" data-widget_type=\"button.default\">\n\t\t\t\t\t\t\t\t\t\t<a class=\"elementor-button elementor-button-link elementor-size-sm\" href=\"https:\/\/lelocaldesautrices.fr\/index.php\/la-saison\/\">\n\t\t\t\t\t\t<span class=\"elementor-button-content-wrapper\">\n\t\t\t\t\t\t\t\t\t<span class=\"elementor-button-text\">R\u00e9servez sur la billetterie<\/span>\n\t\t\t\t\t<\/span>\n\t\t\t\t\t<\/a>\n\t\t\t\t\t\t\t\t<\/div>\n\t\t\t\t<div class=\"elementor-element elementor-element-0471caa elementor-widget elementor-widget-text-editor\" data-id=\"0471caa\" data-element_type=\"widget\" data-e-type=\"widget\" data-widget_type=\"text-editor.default\">\n\t\t\t\t\t\t\t\t\t<p class=\"x_gmail-isSelectedEnd\"><strong data-olk-copy-source=\"MessageBody\">Tous les mardis \u00e0 19h<\/strong>, le Local des Autrices met les femmes humoristes \u00e0 l&rsquo;honneur. Les\u00a0<strong>Mardis du stand-up au f\u00e9minin<\/strong>\u00a0sont un rendez-vous d\u00e9di\u00e9 aux voix, aux regards et aux \u00e9critures comiques des femmes. Artistes confirm\u00e9es ou nouveaux talents, les humoristes se succ\u00e8dent sur sc\u00e8ne pour partager leurs univers, leurs observations du quotidien, leurs engagements et, bien s\u00fbr, leur sens de la r\u00e9partie.<\/p><p class=\"x_gmail-isSelectedEnd\">\u00c0 travers des styles vari\u00e9s \u2014 mordant, absurde, intime, engag\u00e9 ou d\u00e9cal\u00e9 \u2014 chaque soir\u00e9e c\u00e9l\u00e8bre la richesse du stand-up au f\u00e9minin et offre un espace d&rsquo;expression \u00e0 des artistes qui renouvellent les codes de l&rsquo;humour.<br \/>Dans une ambiance chaleureuse et conviviale, venez d\u00e9couvrir de nouvelles humoristes, rire, r\u00e9fl\u00e9chir et partager un moment o\u00f9 la sc\u00e8ne appartient aux femmes.<\/p>\t\t\t\t\t\t\t\t<\/div>\n\t\t\t\t<div class=\"elementor-element elementor-element-69e944b elementor-widget-divider--view-line elementor-widget elementor-widget-divider\" data-id=\"69e944b\" data-element_type=\"widget\" data-e-type=\"widget\" data-widget_type=\"divider.default\">\n\t\t\t\t\t\t\t<div class=\"elementor-divider\">\n\t\t\t<span class=\"elementor-divider-separator\">\n\t\t\t\t\t\t<\/span>\n\t\t<\/div>\n\t\t\t\t\t\t<\/div>\n\t\t\t\t<div class=\"elementor-element elementor-element-7f91035 elementor-widget elementor-widget-text-editor\" data-id=\"7f91035\" data-element_type=\"widget\" data-e-type=\"widget\" data-widget_type=\"text-editor.default\">\n\t\t\t\t\t\t\t\t\t<div class=\"page\" title=\"Page 2\"><div class=\"section\"><div class=\"layoutArea\"><div class=\"column\"><div class=\"page\" title=\"Page 2\"><div class=\"section\"><div class=\"layoutArea\"><div class=\"column\"><div class=\"page\" title=\"Page 3\"><div class=\"section\"><div class=\"layoutArea\"><div class=\"column\"><p>\u2022 <strong><a href=\"https:\/\/www.eventim-light.com\/fr\/a\/6a2830391260df03bf968af3\/s\/6a2aaa89ca20c15947199aa4\" target=\"_blank\" rel=\"noopener\">Ctrl-z<\/a>, <\/strong><span class=\"a_GcMg font-feature-liga-off font-feature-clig-off font-feature-calt-off text-decoration-none text-strikethrough-none\">Zineb Benomar<\/span><\/p><p>\u2022 <strong><a href=\"https:\/\/www.eventim-light.com\/fr\/a\/6a2830391260df03bf968af3\/s\/6a42aa73c03270b53c8a6373\" target=\"_blank\" rel=\"noopener\">Testoste\u0301rone<\/a>,<\/strong><span class=\"a_GcMg font-feature-liga-off font-feature-clig-off font-feature-calt-off text-decoration-none text-strikethrough-none\">\u00a0H\u00e9l\u00e8ne V\u00e9zier (Madame Meuf)<\/span><\/p><p><span style=\"font-family: -apple-system, BlinkMacSystemFont, 'Segoe UI', Roboto, 'Helvetica Neue', Arial, 'Noto Sans', sans-serif, 'Apple Color Emoji', 'Segoe UI Emoji', 'Segoe UI Symbol', 'Noto Color Emoji';\">\u2022 <\/span><strong>Serial Lovers,<\/strong><span class=\"a_GcMg font-feature-liga-off font-feature-clig-off font-feature-calt-off text-decoration-none text-strikethrough-none\">\u00a0Estelle Gapp et Alexis Fouesnant<\/span>\u00a0<\/p><p><span style=\"font-family: -apple-system, BlinkMacSystemFont, 'Segoe UI', Roboto, 'Helvetica Neue', Arial, 'Noto Sans', sans-serif, 'Apple Color Emoji', 'Segoe UI Emoji', 'Segoe UI Symbol', 'Noto Color Emoji';\">\u2022 <\/span><strong><a href=\"https:\/\/www.eventim-light.com\/fr\/a\/6a2830391260df03bf968af3\/s\/6a43601dc03270b53c8a63bd\" target=\"_blank\" rel=\"noopener\">L\u2019Influence du CO(NH2)<sup>2<\/sup> sur l\u2019effondrement des lasioglossum malachurum<\/a>, <\/strong>d<span class=\"a_GcMg font-feature-liga-off font-feature-clig-off font-feature-calt-off text-decoration-none text-strikethrough-none\">e Clotilde Amar, avec Sylvie Da Cruz<\/span><\/p><\/div><\/div><\/div><\/div><\/div><\/div><\/div><\/div><\/div><\/div><\/div><\/div>\t\t\t\t\t\t\t\t<\/div>\n\t\t\t\t<\/div>\n\t\t<div class=\"elementor-element elementor-element-db4e0c6 e-con-full e-flex e-con e-child\" data-id=\"db4e0c6\" data-element_type=\"container\" data-e-type=\"container\">\n\t\t\t\t<div class=\"elementor-element elementor-element-db3498a elementor-widget elementor-widget-image\" data-id=\"db3498a\" data-element_type=\"widget\" data-e-type=\"widget\" data-widget_type=\"image.default\">\n\t\t\t\t\t\t\t\t\t\t\t\t\t\t\t<img loading=\"lazy\" decoding=\"async\" width=\"2560\" height=\"1164\" src=\"https:\/\/lelocaldesautrices.fr\/wp-content\/uploads\/2026\/08\/Les-rdv4-scaled.jpg\" class=\"attachment-full size-full wp-image-729\" alt=\"\" srcset=\"https:\/\/lelocaldesautrices.fr\/wp-content\/uploads\/2026\/08\/Les-rdv4-scaled.jpg 2560w, https:\/\/lelocaldesautrices.fr\/wp-content\/uploads\/2026\/08\/Les-rdv4-300x136.jpg 300w, https:\/\/lelocaldesautrices.fr\/wp-content\/uploads\/2026\/08\/Les-rdv4-1024x465.jpg 1024w, https:\/\/lelocaldesautrices.fr\/wp-content\/uploads\/2026\/08\/Les-rdv4-768x349.jpg 768w, https:\/\/lelocaldesautrices.fr\/wp-content\/uploads\/2026\/08\/Les-rdv4-1536x698.jpg 1536w, https:\/\/lelocaldesautrices.fr\/wp-content\/uploads\/2026\/08\/Les-rdv4-2048x931.jpg 2048w\" sizes=\"(max-width: 2560px) 100vw, 2560px\" \/>\t\t\t\t\t\t\t\t\t\t\t\t\t\t\t<\/div>\n\t\t\t\t<div class=\"elementor-element elementor-element-efde790 elementor-align-justify elementor-widget elementor-widget-button\" data-id=\"efde790\" data-element_type=\"widget\" data-e-type=\"widget\" data-widget_type=\"button.default\">\n\t\t\t\t\t\t\t\t\t\t<a class=\"elementor-button elementor-button-link elementor-size-sm\" href=\"https:\/\/lelocaldesautrices.fr\/index.php\/la-saison\/\">\n\t\t\t\t\t\t<span class=\"elementor-button-content-wrapper\">\n\t\t\t\t\t\t\t\t\t<span class=\"elementor-button-text\">R\u00e9servez sur la billetterie<\/span>\n\t\t\t\t\t<\/span>\n\t\t\t\t\t<\/a>\n\t\t\t\t\t\t\t\t<\/div>\n\t\t\t\t<div class=\"elementor-element elementor-element-4c16727 elementor-widget elementor-widget-text-editor\" data-id=\"4c16727\" data-element_type=\"widget\" data-e-type=\"widget\" data-widget_type=\"text-editor.default\">\n\t\t\t\t\t\t\t\t\t<p class=\"x_gmail-isSelectedEnd\"><strong data-olk-copy-source=\"MessageBody\">Tous les mardis \u00e0 21h<\/strong>, le Local des Autrices accueille une soir\u00e9e d&rsquo;improvisation pas comme les autres. \u00c0 partir des propositions du public, les com\u00e9dien\u00b7nes inventent des histoires en direct tout en jouant avec les codes du th\u00e9\u00e2tre\u2026 et en questionnant ceux de notre soci\u00e9t\u00e9.<\/p><p class=\"x_gmail-isSelectedEnd\">Les\u00a0<strong>Mardis de l&rsquo;impro f\u00e9ministe<\/strong>\u00a0explorent avec humour, intelligence et impertinence les st\u00e9r\u00e9otypes de genre, les rapports de pouvoir, les repr\u00e9sentations et les normes qui fa\u00e7onnent nos imaginaires. Ici, l&rsquo;improvisation devient un terrain de jeu o\u00f9 l&rsquo;on d\u00e9construit les clich\u00e9s, o\u00f9 l&rsquo;on imagine d&rsquo;autres r\u00e9cits et o\u00f9 chaque soir\u00e9e est unique.<br \/>Que vous soyez amateur\u00b7ice d&rsquo;impro, curieux\u00b7se de d\u00e9couvrir une autre mani\u00e8re d&rsquo;aborder les questions d&rsquo;\u00e9galit\u00e9 ou simplement \u00e0 la recherche d&rsquo;une soir\u00e9e originale, venez partager ce rendez-vous participatif, engag\u00e9 et r\u00e9solument convivial.<\/p>\t\t\t\t\t\t\t\t<\/div>\n\t\t\t\t<div class=\"elementor-element elementor-element-e0a349f elementor-widget-divider--view-line elementor-widget elementor-widget-divider\" data-id=\"e0a349f\" data-element_type=\"widget\" data-e-type=\"widget\" data-widget_type=\"divider.default\">\n\t\t\t\t\t\t\t<div class=\"elementor-divider\">\n\t\t\t<span class=\"elementor-divider-separator\">\n\t\t\t\t\t\t<\/span>\n\t\t<\/div>\n\t\t\t\t\t\t<\/div>\n\t\t\t\t<div class=\"elementor-element elementor-element-d9e6ac4 elementor-widget elementor-widget-text-editor\" data-id=\"d9e6ac4\" data-element_type=\"widget\" data-e-type=\"widget\" data-widget_type=\"text-editor.default\">\n\t\t\t\t\t\t\t\t\t<div class=\"page\" title=\"Page 2\"><div class=\"section\"><div class=\"layoutArea\"><div class=\"column\"><p>\u2022 <strong><a href=\"https:\/\/www.eventim-light.com\/fr\/a\/6a2830391260df03bf968af3\/s\/6a397f1a5eb936c027914fb6\" target=\"_blank\" rel=\"noopener\">Fe\u0301minin Pluriel<\/a>,<\/strong><span class=\"a_GcMg font-feature-liga-off font-feature-clig-off font-feature-calt-off text-decoration-none text-strikethrough-none\">\u00a0Charlotte Finet et Fanny Pascaud<\/span><\/p><p>\u2022 <strong><a href=\"https:\/\/www.eventim-light.com\/fr\/a\/6a2830391260df03bf968af3\/s\/6a3982195eb936c027914fea\" target=\"_blank\" rel=\"noopener\">Apre\u0300s Minuit<\/a>, <\/strong>S<span class=\"a_GcMg font-feature-liga-off font-feature-clig-off font-feature-calt-off text-decoration-none text-strikethrough-none\">alom\u00e9 Attias<\/span><span class=\"a_GcMg font-feature-liga-off font-feature-clig-off font-feature-calt-off text-decoration-none text-strikethrough-none\">, <\/span><span class=\"a_GcMg font-feature-liga-off font-feature-clig-off font-feature-calt-off text-decoration-none text-strikethrough-none\">Valentine Nogalo, Alicia Ligi<\/span><span class=\"a_GcMg font-feature-liga-off font-feature-clig-off font-feature-calt-off text-decoration-none text-strikethrough-none\">, <\/span><span class=\"a_GcMg font-feature-liga-off font-feature-clig-off font-feature-calt-off text-decoration-none text-strikethrough-none\">Nolwenn de la Pinti\u00e8re<\/span><span class=\"a_GcMg font-feature-liga-off font-feature-clig-off font-feature-calt-off text-decoration-none text-strikethrough-none\">, <\/span><span class=\"a_GcMg font-feature-liga-off font-feature-clig-off font-feature-calt-off text-decoration-none text-strikethrough-none\">Margot Torres<\/span><\/p><p>\u2022 <strong>Ne partez pas sans moi<\/strong><\/p><p>\u2022 <strong><a href=\"https:\/\/www.eventim-light.com\/fr\/a\/6a2830391260df03bf968af3\/s\/6a398482dc8e1818a71a11cd\" target=\"_blank\" rel=\"noopener\">Ardentes<\/a>, <\/strong><span class=\"a_GcMg font-feature-liga-off font-feature-clig-off font-feature-calt-off text-decoration-none text-strikethrough-none\">Valentine Nogalo<\/span><\/p><p>\u2022 <strong>Les meufs<\/strong><\/p><\/div><\/div><\/div><\/div>\t\t\t\t\t\t\t\t<\/div>\n\t\t\t\t<\/div>\n\t\t\t\t\t<\/div>\n\t\t\t\t<\/div>\n\t\t<div class=\"elementor-element elementor-element-9e62c8e e-flex e-con-boxed e-con e-parent\" data-id=\"9e62c8e\" data-element_type=\"container\" data-e-type=\"container\">\n\t\t\t\t\t<div class=\"e-con-inner\">\n\t\t\t\t<div class=\"elementor-element elementor-element-0fa17f1 elementor-widget elementor-widget-spacer\" data-id=\"0fa17f1\" data-element_type=\"widget\" data-e-type=\"widget\" data-widget_type=\"spacer.default\">\n\t\t\t\t\t\t\t<div class=\"elementor-spacer\">\n\t\t\t<div class=\"elementor-spacer-inner\"><\/div>\n\t\t<\/div>\n\t\t\t\t\t\t<\/div>\n\t\t\t\t\t<\/div>\n\t\t\t\t<\/div>\n\t\t\t\t<\/div>\n\t\t","protected":false},"excerpt":{"rendered":"<p>Nos rendez-vous R\u00e9servez sur la billetterie Chaque lundi soir, le\u00a0Local des Autrices\u00a0vous donne rendez-vous avec l&rsquo;univers de\u00a0Sarah P\u00e8pe, autrice, metteuse en sc\u00e8ne, com\u00e9dienne, et directrice du lieu. \u00c0 travers une programmation r\u00e9guli\u00e8re, venez d\u00e9couvrir ou red\u00e9couvrir ses textes, port\u00e9s \u00e0 la sc\u00e8ne dans un esprit de proximit\u00e9, de partage et de rencontre avec le public.Chaque [&hellip;]<\/p>\n","protected":false},"author":1,"featured_media":0,"parent":0,"menu_order":0,"comment_status":"closed","ping_status":"closed","template":"elementor_header_footer","meta":{"footnotes":""},"class_list":["post-18","page","type-page","status-publish","hentry"],"_links":{"self":[{"href":"https:\/\/lelocaldesautrices.fr\/index.php\/wp-json\/wp\/v2\/pages\/18","targetHints":{"allow":["GET"]}}],"collection":[{"href":"https:\/\/lelocaldesautrices.fr\/index.php\/wp-json\/wp\/v2\/pages"}],"about":[{"href":"https:\/\/lelocaldesautrices.fr\/index.php\/wp-json\/wp\/v2\/types\/page"}],"author":[{"embeddable":true,"href":"https:\/\/lelocaldesautrices.fr\/index.php\/wp-json\/wp\/v2\/users\/1"}],"replies":[{"embeddable":true,"href":"https:\/\/lelocaldesautrices.fr\/index.php\/wp-json\/wp\/v2\/comments?post=18"}],"version-history":[{"count":295,"href":"https:\/\/lelocaldesautrices.fr\/index.php\/wp-json\/wp\/v2\/pages\/18\/revisions"}],"predecessor-version":[{"id":2839,"href":"https:\/\/lelocaldesautrices.fr\/index.php\/wp-json\/wp\/v2\/pages\/18\/revisions\/2839"}],"wp:attachment":[{"href":"https:\/\/lelocaldesautrices.fr\/index.php\/wp-json\/wp\/v2\/media?parent=18"}],"curies":[{"name":"wp","href":"https:\/\/api.w.org\/{rel}","templated":true}]}}