{"id":2898,"date":"2026-08-27T15:05:52","date_gmt":"2026-08-27T15:05:52","guid":{"rendered":"https:\/\/lelocaldesautrices.fr\/?page_id=2898"},"modified":"2026-08-28T14:56:55","modified_gmt":"2026-08-28T14:56:55","slug":"conditions-daccueil","status":"publish","type":"page","link":"https:\/\/lelocaldesautrices.fr\/index.php\/conditions-daccueil\/","title":{"rendered":"Conditions d&rsquo;accueil"},"content":{"rendered":"\t\t<div data-elementor-type=\"wp-page\" data-elementor-id=\"2898\" class=\"elementor elementor-2898\">\n\t\t\t\t<div class=\"elementor-element elementor-element-b9d010c e-flex e-con-boxed e-con e-parent\" data-id=\"b9d010c\" data-element_type=\"container\" data-e-type=\"container\">\n\t\t\t\t\t<div class=\"e-con-inner\">\n\t\t\t\t<div class=\"elementor-element elementor-element-b81d343 elementor-widget elementor-widget-heading\" data-id=\"b81d343\" data-element_type=\"widget\" data-e-type=\"widget\" data-widget_type=\"heading.default\">\n\t\t\t\t\t<h2 class=\"elementor-heading-title elementor-size-default\">Programmation au Local des Autrices<\/h2>\t\t\t\t<\/div>\n\t\t\t\t<div class=\"elementor-element elementor-element-ed487f6 elementor-widget elementor-widget-text-editor\" data-id=\"ed487f6\" data-element_type=\"widget\" data-e-type=\"widget\" data-widget_type=\"text-editor.default\">\n\t\t\t\t\t\t\t\t\t<p class=\"p1\"><span class=\"s1\">Le Local des Autrices est un plateau d\u00e9di\u00e9 aux\u00a0autrices\u00a0(cis ou trans).<\/span><\/p>\t\t\t\t\t\t\t\t<\/div>\n\t\t<div class=\"elementor-element elementor-element-56749b1 e-con-full e-flex e-con e-child\" data-id=\"56749b1\" data-element_type=\"container\" data-e-type=\"container\">\n\t\t\t\t<div class=\"elementor-element elementor-element-398409c elementor-widget elementor-widget-text-editor\" data-id=\"398409c\" data-element_type=\"widget\" data-e-type=\"widget\" data-widget_type=\"text-editor.default\">\n\t\t\t\t\t\t\t\t\t<p class=\"p1\">Attention : Le Local des Autrices programme exclusivement par appel \u00e0 projets. Aucune r\u00e9ponse ne sera apport\u00e9e en dehors de ce cadre. <br \/>Le prochain appel \u00e0 projets sera lanc\u00e9 entre fin septembre et mi-octobre pour la programmation de janvier \u00e0 juin 2027.<\/p>\t\t\t\t\t\t\t\t<\/div>\n\t\t\t\t<div class=\"elementor-element elementor-element-1a8c078 elementor-widget elementor-widget-text-editor\" data-id=\"1a8c078\" data-element_type=\"widget\" data-e-type=\"widget\" data-widget_type=\"text-editor.default\">\n\t\t\t\t\t\t\t\t\t<p class=\"p1\"><span class=\"s1\">Modalit\u00e9s de programmation<\/span><\/p>\t\t\t\t\t\t\t\t<\/div>\n\t\t\t\t<div class=\"elementor-element elementor-element-23d936a elementor-widget elementor-widget-text-editor\" data-id=\"23d936a\" data-element_type=\"widget\" data-e-type=\"widget\" data-widget_type=\"text-editor.default\">\n\t\t\t\t\t\t\t\t\t<p class=\"p1\"><span class=\"s1\">Il y a deux types de programmation :<br \/><\/span><span class=\"s1\"><br \/>Une programmations r\u00e9currentes\u00a0<br \/><\/span><span class=\"s1\">\u2022 Les mardis et mercredis \u00e0 deux horaires (19h et 21h) : <\/span><span class=\"s1\">chaque compagnie joue une fois par mois (p\u00e9riode \u00e0 d\u00e9finir ensemble)<br \/><\/span><span class=\"s1\">\u2022 Les jeudis \u00e0 deux horaires (19h et 21h) : <\/span><span class=\"s1\">chaque compagnie joue une fois par semaine (p\u00e9riode \u00e0 d\u00e9finir ensemble)<\/span><\/p><p><span class=\"s1\">Une programmation de fin de semaine (du vendredi au dimanche) sur d<\/span><span class=\"s1\">eux cr\u00e9neaux :<br \/><\/span><span class=\"s1\">\u2022 Vendredi, samedi \u00e0 19h et dimanche \u00e0 14h\u00a0(spectacle d\u20191h maximum)<br \/><\/span><span class=\"s1\">\u2022 Vendredi, samedi \u00e0 21h et dimanche \u00e0 17h<\/span><\/p><p>La programmation se fait sur deux semaines cons\u00e9cutives, soit 6 dates.<\/p>\t\t\t\t\t\t\t\t<\/div>\n\t\t\t\t<div class=\"elementor-element elementor-element-e09b28d elementor-widget-divider--view-line elementor-widget elementor-widget-divider\" data-id=\"e09b28d\" data-element_type=\"widget\" data-e-type=\"widget\" data-widget_type=\"divider.default\">\n\t\t\t\t\t\t\t<div class=\"elementor-divider\">\n\t\t\t<span class=\"elementor-divider-separator\">\n\t\t\t\t\t\t<\/span>\n\t\t<\/div>\n\t\t\t\t\t\t<\/div>\n\t\t\t\t<div class=\"elementor-element elementor-element-039ec97 elementor-widget elementor-widget-text-editor\" data-id=\"039ec97\" data-element_type=\"widget\" data-e-type=\"widget\" data-widget_type=\"text-editor.default\">\n\t\t\t\t\t\t\t\t\t<p class=\"p1\"><span class=\"s1\">Conditions techniques<\/span><\/p>\t\t\t\t\t\t\t\t<\/div>\n\t\t\t\t<div class=\"elementor-element elementor-element-b032164 elementor-widget elementor-widget-text-editor\" data-id=\"b032164\" data-element_type=\"widget\" data-e-type=\"widget\" data-widget_type=\"text-editor.default\">\n\t\t\t\t\t\t\t\t\t<p class=\"p1\"><span class=\"s1\">Les formes des mardis, mercredis et jeudis doivent \u00eatre des formes simples, ne n\u00e9cessitant pas de d\u00e9cors cons\u00e9quents, ni d\u2019implantation lumi\u00e8re en plus de ce qui est d\u00e9j\u00e0 sur le gril. Vous aurez un temps avec No\u00e9e, la r\u00e9gisseuse g\u00e9n\u00e9rale du th\u00e9\u00e2tre pour enregistrer votre ambiance et savoir utiliser le mat\u00e9riel du Local des Autrices.<\/span><\/p><p><span class=\"s1\">Pour l\u2019ensemble des programmations, vous b\u00e9n\u00e9ficiez de 8 heures d\u2019implantation technique, dont 4 avec No\u00e9e. Seules les compagnies de fin de semaine pourront rajouter des ponctuels \u00e0 l\u2019implantation de base.<\/span><\/p><p><span class=\"s1\">Attention\u00a0: Il n\u2019y a pas de r\u00e9gisseuse de conduite au Local des Autrices. Les soir de repr\u00e9sentation c\u2019est votre r\u00e9gisseuse qui assurera la conduite.<br \/><\/span><span class=\"s1\">Pour cette raison, nous n\u2019accepterons pas les compagnies sans r\u00e9gisseureuse.<\/span><\/p>\t\t\t\t\t\t\t\t<\/div>\n\t\t\t\t<div class=\"elementor-element elementor-element-7053ee5 elementor-widget-divider--view-line elementor-widget elementor-widget-divider\" data-id=\"7053ee5\" data-element_type=\"widget\" data-e-type=\"widget\" data-widget_type=\"divider.default\">\n\t\t\t\t\t\t\t<div class=\"elementor-divider\">\n\t\t\t<span class=\"elementor-divider-separator\">\n\t\t\t\t\t\t<\/span>\n\t\t<\/div>\n\t\t\t\t\t\t<\/div>\n\t\t\t\t<div class=\"elementor-element elementor-element-9c99a29 elementor-widget elementor-widget-text-editor\" data-id=\"9c99a29\" data-element_type=\"widget\" data-e-type=\"widget\" data-widget_type=\"text-editor.default\">\n\t\t\t\t\t\t\t\t\t<p class=\"p1\"><span class=\"s1\">Conditions financi\u00e8res<\/span><\/p>\t\t\t\t\t\t\t\t<\/div>\n\t\t\t\t<div class=\"elementor-element elementor-element-c4ae1f1 elementor-widget elementor-widget-text-editor\" data-id=\"c4ae1f1\" data-element_type=\"widget\" data-e-type=\"widget\" data-widget_type=\"text-editor.default\">\n\t\t\t\t\t\t\t\t\t<p class=\"p1\"><span class=\"s1\">Pour l\u2019ensemble des programmations, il s\u2019agit d\u2019un contrat de co-r\u00e9alisation avec un minimum garanti de 150\u20ac pour le th\u00e9\u00e2tre par repr\u00e9sentation. Toutes les recettes au-del\u00e0 de ce montant reviennent \u00e0 la compagnie.<\/span><\/p>\t\t\t\t\t\t\t\t<\/div>\n\t\t\t\t<div class=\"elementor-element elementor-element-6defad7 elementor-widget-divider--view-line elementor-widget elementor-widget-divider\" data-id=\"6defad7\" data-element_type=\"widget\" data-e-type=\"widget\" data-widget_type=\"divider.default\">\n\t\t\t\t\t\t\t<div class=\"elementor-divider\">\n\t\t\t<span class=\"elementor-divider-separator\">\n\t\t\t\t\t\t<\/span>\n\t\t<\/div>\n\t\t\t\t\t\t<\/div>\n\t\t\t\t<div class=\"elementor-element elementor-element-23f2d41 elementor-widget elementor-widget-text-editor\" data-id=\"23f2d41\" data-element_type=\"widget\" data-e-type=\"widget\" data-widget_type=\"text-editor.default\">\n\t\t\t\t\t\t\t\t\t<p class=\"p1\"><span class=\"s1\">Communication<\/span><\/p>\t\t\t\t\t\t\t\t<\/div>\n\t\t\t\t<div class=\"elementor-element elementor-element-7290143 elementor-widget elementor-widget-text-editor\" data-id=\"7290143\" data-element_type=\"widget\" data-e-type=\"widget\" data-widget_type=\"text-editor.default\">\n\t\t\t\t\t\t\t\t\t<p class=\"p1\"><span class=\"s1\">Le th\u00e9\u00e2tre prend en charge\u00a0:<br \/><\/span><span class=\"s1\">\u2022 La r\u00e9alisation de vos visuels, dans la charte graphique du lieu (flyers, affiches, formats pour les r\u00e9seaux sociaux). Il vous appartiendra de fournir une photo en haute d\u00e9finition.<br \/><\/span><span class=\"s1\">Attention\u00a0: l\u2019impression de ces visuels est \u00e0 la charge de la compagnie.<br \/><\/span><span class=\"s1\">\u2022 La r\u00e9alisation et envoi de la newsletter (+ de 5000 contacts)<br \/><\/span><span class=\"s1\">\u2022 La cr\u00e9ation et gestion des billetteries<br \/><\/span><span class=\"s1\">\u2022 La conception et impression de marque-pages, renvoyant \u00e0 la programmation globale, et distribu\u00e9s aux spectateurices.<br \/><\/span><span class=\"s1\">\u2022 La mise \u00e0 jour du site<br \/><\/span><span class=\"s1\">\u2022 La conception et impression des affiches mensuelles, install\u00e9es au th\u00e9\u00e2tre.<br \/><\/span><span class=\"s1\">Attention\u00a0: le th\u00e9\u00e2tre ne g\u00e8re pas l\u2019animation des r\u00e9seaux sociaux, en dehors du d\u00e9p\u00f4t des visuels, faute de ressources humaines suffisantes.<\/span><\/p>\t\t\t\t\t\t\t\t<\/div>\n\t\t\t\t<div class=\"elementor-element elementor-element-616c3ff elementor-widget-divider--view-line elementor-widget elementor-widget-divider\" data-id=\"616c3ff\" data-element_type=\"widget\" data-e-type=\"widget\" data-widget_type=\"divider.default\">\n\t\t\t\t\t\t\t<div class=\"elementor-divider\">\n\t\t\t<span class=\"elementor-divider-separator\">\n\t\t\t\t\t\t<\/span>\n\t\t<\/div>\n\t\t\t\t\t\t<\/div>\n\t\t\t\t<div class=\"elementor-element elementor-element-d84f2f1 elementor-widget elementor-widget-text-editor\" data-id=\"d84f2f1\" data-element_type=\"widget\" data-e-type=\"widget\" data-widget_type=\"text-editor.default\">\n\t\t\t\t\t\t\t\t\t<p class=\"p1\"><span class=\"s1\">Informations compl\u00e9mentaires<\/span><\/p>\t\t\t\t\t\t\t\t<\/div>\n\t\t\t\t<div class=\"elementor-element elementor-element-4de001d elementor-widget elementor-widget-text-editor\" data-id=\"4de001d\" data-element_type=\"widget\" data-e-type=\"widget\" data-widget_type=\"text-editor.default\">\n\t\t\t\t\t\t\t\t\t<p class=\"p1\"><span class=\"s1\">L\u2019espace de stockage \u00e9tant tr\u00e8s limit\u00e9, le th\u00e9\u00e2tre ne pourra pas accueillir des projets avec des d\u00e9cors imposants. <\/span><span class=\"s1\">Pour les mardis, mercredis et jeudi, nous ne pourrons rien garder entre les repr\u00e9sentations. <\/span><span class=\"s1\">Pour les programmations de fin de semaine, les \u00e9l\u00e9ments de d\u00e9cor et de costumes doivent \u00eatre enlev\u00e9s \u00e0 la fin de la derni\u00e8re repr\u00e9sentation.<\/span><\/p><p><span class=\"s1\">Le Local des Autrices est un lieu de diffusion et ne peut donc pas accompagner le d\u00e9veloppement des projets. Pour candidater, il faut que votre spectacle soit\u00a0pr\u00eat. Vous devez fournir le\u00a0<\/span><span class=\"s2\">dossier + une captation<\/span><span class=\"s1\">. Sans cette derni\u00e8re, votre projet ne pourra pas \u00eatre \u00e9tudi\u00e9 (il peut s\u2019agir d\u2019une captation faite au t\u00e9l\u00e9phone portable)<\/span><\/p><p><span class=\"s1\">Attention : le Local des Autrices programme par appels \u00e0 projets : en dehors des p\u00e9riodes d\u00e9di\u00e9es, aucun dossier ne sera examin\u00e9, et aucune r\u00e9ponse apport\u00e9e. <\/span><span class=\"s1\">Enfin, nous vous invitons \u00e0 consulter la\u00a0fiche technique ci-dessous pour vous assurer de la faisabilit\u00e9 de votre spectacle.<\/span><\/p>\t\t\t\t\t\t\t\t<\/div>\n\t\t\t\t<div class=\"elementor-element elementor-element-ed96906 elementor-align-justify elementor-widget elementor-widget-button\" data-id=\"ed96906\" data-element_type=\"widget\" data-e-type=\"widget\" data-widget_type=\"button.default\">\n\t\t\t\t\t\t\t\t\t\t<a class=\"elementor-button elementor-button-link elementor-size-sm\" href=\"http:\/\/fmrskli.cluster129.hosting.ovh.net\/wp-content\/uploads\/2026\/08\/Fiche_technique-plan_feu_fixe-plan_lignes_et_son.pdf\" target=\"_blank\">\n\t\t\t\t\t\t<span class=\"elementor-button-content-wrapper\">\n\t\t\t\t\t\t\t\t\t<span class=\"elementor-button-text\">Fiche technique<\/span>\n\t\t\t\t\t<\/span>\n\t\t\t\t\t<\/a>\n\t\t\t\t\t\t\t\t<\/div>\n\t\t\t\t<div class=\"elementor-element elementor-element-8ae31ec elementor-widget elementor-widget-text-editor\" data-id=\"8ae31ec\" data-element_type=\"widget\" data-e-type=\"widget\" data-widget_type=\"text-editor.default\">\n\t\t\t\t\t\t\t\t\t<p><span class=\"s1\">\u00c0 noter :<br \/><\/span><span class=\"s1\">&#8211; Pour les compagnies hors r\u00e9gion parisienne, il n\u2019y a pas de prise en charge du transport et de l\u2019h\u00e9bergement. J\u2019adorerais pouvoir le faire, mais h\u00e9las, \u00e7a n\u2019est pas possible.<br \/><\/span><span class=\"s1\">&#8211; Pour l\u2019ensemble de la programmation, les recettes sont vers\u00e9es sur le compte de votre compagnie. Vous devez avoir cr\u00e9\u00e9 une structure juridique. Le Local des Autrices ne vous recrute pas et n\u2019\u00e9tablit pas de cachets.<\/span><\/p>\t\t\t\t\t\t\t\t<\/div>\n\t\t\t\t<div class=\"elementor-element elementor-element-d05a322 elementor-widget-divider--view-line elementor-widget elementor-widget-divider\" data-id=\"d05a322\" data-element_type=\"widget\" data-e-type=\"widget\" data-widget_type=\"divider.default\">\n\t\t\t\t\t\t\t<div class=\"elementor-divider\">\n\t\t\t<span class=\"elementor-divider-separator\">\n\t\t\t\t\t\t<\/span>\n\t\t<\/div>\n\t\t\t\t\t\t<\/div>\n\t\t\t\t<div class=\"elementor-element elementor-element-9fb9356 elementor-widget elementor-widget-text-editor\" data-id=\"9fb9356\" data-element_type=\"widget\" data-e-type=\"widget\" data-widget_type=\"text-editor.default\">\n\t\t\t\t\t\t\t\t\t<p class=\"p1\"><span class=\"s1\">Quelques pr\u00e9cisions sur le mod\u00e8le \u00e9conomique du lieu<\/span><\/p>\t\t\t\t\t\t\t\t<\/div>\n\t\t\t\t<div class=\"elementor-element elementor-element-bd4f5b3 elementor-widget elementor-widget-text-editor\" data-id=\"bd4f5b3\" data-element_type=\"widget\" data-e-type=\"widget\" data-widget_type=\"text-editor.default\">\n\t\t\t\t\t\t\t\t\t<p class=\"p1\"><span class=\"s1\">La gestion de ce lieu s\u2019inscrivant dans un mod\u00e8le \u00e9conomique tr\u00e8s tr\u00e8s contraint, je me permets de rappeler ici quelques r\u00e8gles de fonctionnement, afin que les choses se passent au mieux pour toutes\u00a0:<br \/><br \/><\/span><span class=\"s1\">\u2022 <strong>L\u2019\u00e9quipe<\/strong><br \/><\/span><span class=\"s1\">La charg\u00e9e de communication et billetterie, Am\u00e9lie Casanova, est volontaire en service civique (24h par semaine). La r\u00e9gisseuse g\u00e9n\u00e9rale, No\u00e9e Richard est r\u00e9mun\u00e9r\u00e9e pour 20h par mois. Pour cette raison, elle ne peut pas assurer les conduites. La charg\u00e9e des contrats, Sonia Payen, est b\u00e9n\u00e9vole une journ\u00e9e par semaine. L\u2019\u00e9quipe d\u2019accueil des spectateurices est constitu\u00e9e de b\u00e9n\u00e9voles.<\/span><\/p><p class=\"p1\"><span class=\"s1\">Quant \u00e0 moi je suis b\u00e9n\u00e9vole depuis septembre 2024, afin de pouvoir r\u00e9investir les rentr\u00e9es d\u2019argent dans le mat\u00e9riel et am\u00e9liorer ainsi les conditions d\u2019accueil. En 2026, ma compagnie recevra un montant forfaitaire de gestion du lieu, ce qui ne constitue pas un salaire et surtout ne correspond en rien aux heures r\u00e9elles effectu\u00e9es.<\/span><\/p><p><span class=\"s1\">\u2022 <strong>L\u2019entretien du lieu<\/strong><br \/><\/span><span class=\"s1\">Le th\u00e9\u00e2tre n\u2019a pas de personnel de nettoyage et je m\u2019en charge avec les volontaires en service civique. Par contre, concernant le plateau de jeu et vu le nombre de spectacles programm\u00e9s, nous ne pouvons pas attendre chaque fin de repr\u00e9sentation pour le nettoyer. <\/span><span class=\"s1\">Aussi, il vous appartient de le faire (comme mentionn\u00e9 dans le contrat). Avant et\/ou apr\u00e8s chaque repr\u00e9sentation.<br \/><\/span><span class=\"s1\">Par ailleurs, et toujours concernant le plateau, il est obligatoire de mettre des patins sous chaque meuble, afin de ne pas le rayer. Le pon\u00e7age et recoloration n\u00e9cessitant un budget que je n\u2019ai pas, il faut vraiment que toustes ensemble nous en prenions soin.<\/span><\/p><p><span class=\"s1\">\u2022 <strong>L\u2019autonomie<br \/><\/strong><\/span><span class=\"s1\">Comme le th\u00e9\u00e2tre ne nourrit pas sa femme, j\u2019exerce un travail \u00e0 mi-temps.<br \/><\/span><span class=\"s1\">Par cons\u00e9quent, je ne peux pas \u00eatre souvent sur place (du moins en soir\u00e9e). En g\u00e9n\u00e9ral, je fais l\u2019accueil des premi\u00e8res. Je reste n\u00e9anmoins disponible pour r\u00e9pondre \u00e0 vos questions. Ainsi que toute l\u2019\u00e9quipe.<\/span><\/p><p><span class=\"s1\">\u2022 <strong>Le public<br \/><\/strong><\/span><span class=\"s1\">Le th\u00e9\u00e2tre n\u2019a pas encore de public fid\u00e9lis\u00e9. On y travaille, mais cela prend du temps. Par ailleurs, il devient de plus en plus difficile de remplir les petites salles parisiennes. Par cons\u00e9quent, il vous faut anticiper que le travail de communication sera intense. Si vous pensez ne pas avoir le temps de le faire, il vaut mieux ne pas prendre le risque d\u2019une programmation. Mon objectif n\u2019est pas de vous voir perdre de l\u2019argent chez moi.<br \/><\/span><\/p><p><span class=\"s1\">Ceci pour vous dire que nous portons ce projet \u00e0 la force de notre engagement en faveur de la promotion des \u00e9critures d\u2019autrices.<br \/><\/span><span class=\"s1\">Aussi, merci de nous faciliter la t\u00e2che, en lisant bien les consignes et en essayant d\u2019\u00eatre le plus r\u00e9active possible, afin de nous \u00e9pargner le temps des relances et modifications, actuellement trop cons\u00e9quent.<br \/><\/span><\/p><p><span class=\"s1\">Il me semble important que vous ayez cela en t\u00eate lorsque vous venez jouer au Local des Autrices. Car si le th\u00e9\u00e2tre est un lieu de diffusion, j\u2019aimerais qu\u2019il soit aussi un \u00e9tat d\u2019esprit, une sororit\u00e9 en acte, o\u00f9 le bien-\u00eatre collectif nous importe autant que le sien propre.<br \/><\/span><span class=\"s1\">Alors oui, il peut nous arriver d\u2019oublier des choses, nous ne sommes pas (encore) parfaites, mais sachez que nous nous battons comme des lionnes pour faire vivre ce lieu, o\u00f9 nous nous sommes heureuses de pouvoir vous accueillir. <\/span><\/p><p><span class=\"s1\">\u00c0 bient\u00f4t<br \/><\/span><span class=\"s1\">Sarah P\u00e8pe<\/span><\/p>\t\t\t\t\t\t\t\t<\/div>\n\t\t\t\t<\/div>\n\t\t\t\t\t<\/div>\n\t\t\t\t<\/div>\n\t\t\t\t<\/div>\n\t\t","protected":false},"excerpt":{"rendered":"<p>Programmation au Local des Autrices Le Local des Autrices est un plateau d\u00e9di\u00e9 aux\u00a0autrices\u00a0(cis ou trans). Attention : Le Local des Autrices programme exclusivement par appel \u00e0 projets. Aucune r\u00e9ponse ne sera apport\u00e9e en dehors de ce cadre. Le prochain appel \u00e0 projets sera lanc\u00e9 entre fin septembre et mi-octobre pour la programmation de janvier [&hellip;]<\/p>\n","protected":false},"author":1,"featured_media":0,"parent":0,"menu_order":0,"comment_status":"closed","ping_status":"closed","template":"elementor_header_footer","meta":{"footnotes":""},"class_list":["post-2898","page","type-page","status-publish","hentry"],"_links":{"self":[{"href":"https:\/\/lelocaldesautrices.fr\/index.php\/wp-json\/wp\/v2\/pages\/2898","targetHints":{"allow":["GET"]}}],"collection":[{"href":"https:\/\/lelocaldesautrices.fr\/index.php\/wp-json\/wp\/v2\/pages"}],"about":[{"href":"https:\/\/lelocaldesautrices.fr\/index.php\/wp-json\/wp\/v2\/types\/page"}],"author":[{"embeddable":true,"href":"https:\/\/lelocaldesautrices.fr\/index.php\/wp-json\/wp\/v2\/users\/1"}],"replies":[{"embeddable":true,"href":"https:\/\/lelocaldesautrices.fr\/index.php\/wp-json\/wp\/v2\/comments?post=2898"}],"version-history":[{"count":16,"href":"https:\/\/lelocaldesautrices.fr\/index.php\/wp-json\/wp\/v2\/pages\/2898\/revisions"}],"predecessor-version":[{"id":2972,"href":"https:\/\/lelocaldesautrices.fr\/index.php\/wp-json\/wp\/v2\/pages\/2898\/revisions\/2972"}],"wp:attachment":[{"href":"https:\/\/lelocaldesautrices.fr\/index.php\/wp-json\/wp\/v2\/media?parent=2898"}],"curies":[{"name":"wp","href":"https:\/\/api.w.org\/{rel}","templated":true}]}}